{"id":1418,"date":"2017-05-02T20:45:02","date_gmt":"2017-05-02T18:45:02","guid":{"rendered":"http:\/\/mering.info\/?page_id=1418"},"modified":"2019-10-11T18:44:21","modified_gmt":"2019-10-11T16:44:21","slug":"kulturprogramm","status":"publish","type":"page","link":"https:\/\/mering.info\/?page_id=1418","title":{"rendered":"Kulturprogramm 2017"},"content":{"rendered":"<p>Hier finden Sie den zeitlichen Ablauf des Kulturprogramms des ZukunftsMarkts Mering 2017.<\/p>\n<p>Wir bieten wieder einige Musikbeitr\u00e4ge, viel Information durch Kurzvortr\u00e4ge sowie Tanz.<\/p>\n<p>Durch das Programm f\u00fchrt <strong>Werner Bader<\/strong>, bekannt vom Bayerischen Rundfunk.<\/p>\n<table>\n<thead>\n<tr style=\"background-color: #b0b0b0;\">\n<th style=\"border-color: #000000;\">Zeit<\/th>\n<th style=\"border-color: #000000;\">Thema<\/th>\n<th style=\"border-color: #000000;\">Ort<\/th>\n<\/tr>\n<\/thead>\n<tbody>\n<tr style=\"height: 0px;\">\n<td style=\"border-color: #000000; height: 0px;\">10:30<\/td>\n<td style=\"border-color: #000000; height: 0px;\"><strong>Familiengottesdienst<br \/>\nKindergottesdienst<\/strong><strong><br \/>\n<\/strong>Beide zum Thema Sch\u00f6pfung<\/td>\n<td style=\"border-color: #000000; height: 0px;\">St. Michael<br \/>\nPJH<\/td>\n<\/tr>\n<tr>\n<td style=\"border-color: #000000;\">11:30<\/td>\n<td style=\"border-color: #000000;\"><strong>Einlass zum ZukunftsMarkt<\/strong><\/td>\n<td style=\"border-color: #000000;\">\u00a0Eingang Lippgarten<\/td>\n<\/tr>\n<tr>\n<td style=\"border-color: #000000;\">12:00<\/td>\n<td style=\"border-color: #000000;\"><strong>Beginn des Festes<br \/>\n<\/strong><\/td>\n<td style=\"border-color: #000000;\">\u00a0Eingang Lippgarten<\/td>\n<\/tr>\n<tr>\n<td style=\"border-color: #000000;\">\u00a012:15<\/td>\n<td style=\"border-color: #000000;\">Musikbeitrag:<strong> Patricia Fleig und Aras Mustafa.<\/strong><br \/>\nKurz nach seiner Ankunft in Mering bekam Aras eine Gitarre geschenkt.Mit dieser hat ihn jemand zu Patricia geschickt, weil die ja auch gerne Musik macht.So haben sich die beiden kennengelernt und machen die sch\u00f6ne Erfahrung, dass man sich gut unterhalten kann, auch wenn man verschiedene Sprachen spricht. Wir h\u00f6ren irische Musik und kurdische Musik aus der Heimat von Aras.<\/td>\n<td style=\"border-color: #000000;\">\u00a0B\u00fchne<\/td>\n<\/tr>\n<tr>\n<td style=\"border-color: #000000;\">12:25<\/td>\n<td style=\"border-color: #000000;\"><strong>Begr\u00fc\u00dfung<\/strong> durch Michael Dudella und Rudi Kaiserswerth<\/td>\n<td style=\"border-color: #000000;\">B\u00fchne<\/td>\n<\/tr>\n<tr>\n<td style=\"border-color: #000000;\">12:35<\/td>\n<td style=\"border-color: #000000;\">Musikbeitrag: <strong>Patricia Fleig und Aras Mustafa<\/strong> (Beschreibung siehe oben)<\/td>\n<td style=\"border-color: #000000;\">\u00a0B\u00fchne<\/td>\n<\/tr>\n<tr>\n<td style=\"border-color: #000000;\">12:50<\/td>\n<td style=\"border-color: #000000;\">Kurzvortrag: <strong>Lebensmittelverschwendung: Was kann ich dagegen tun?<\/strong> (Elke Thierg\u00e4rtner)<\/td>\n<td style=\"border-color: #000000;\">B\u00fchne<\/td>\n<\/tr>\n<tr>\n<td style=\"border-color: #000000;\">13:00<\/td>\n<td style=\"border-color: #000000;\">Kurzvortrag: <strong>Ergebnisse des Forum Z<\/strong> (Ernst Haile)<\/td>\n<td style=\"border-color: #000000;\">\u00a0B\u00fchne<\/td>\n<\/tr>\n<tr>\n<td style=\"border-color: #000000;\">13:10<\/td>\n<td style=\"border-color: #000000;\">Kurzvortrag: <strong>Gemeinschaftliches Wohnen: eine Wohnform f\u00fcr die Zukunft<\/strong> (Roswitha Kugelmann)<\/td>\n<td style=\"border-color: #000000;\">\u00a0B\u00fchne<\/td>\n<\/tr>\n<tr>\n<td style=\"border-color: #000000;\">13:20<\/td>\n<td style=\"border-color: #000000;\">Kurzvortrag: <strong>Lokale Entwicklungsstrategie im Wittelsbacher Land<\/strong> (Ramona Riederer)<\/td>\n<td style=\"border-color: #000000;\">B\u00fchne<\/td>\n<\/tr>\n<tr>\n<td style=\"border-color: #000000;\">13:30<\/td>\n<td style=\"border-color: #000000;\">Musikbeitrag: <strong>Last Contact<\/strong><br \/>\nDie lokale Jazz-Band unterh\u00e4lt mit bekannten instrumentalen Jazz-Standards.<br \/>\n<span style=\"color: #ff0000;\">Bitte beachten: dieser Programmpunkt beginnt eine halbe Stunde fr\u00fcher als urspr\u00fcnglich angek\u00fcndigt.<\/span><\/td>\n<td style=\"border-color: #000000;\">B\u00fchne<\/td>\n<\/tr>\n<tr>\n<td style=\"border-color: #000000;\">14:45<\/td>\n<td style=\"border-color: #000000;\">Kurzvortrag: <strong>Solawi &#8211; Was ist das?<\/strong> (Kathrin Sch\u00e4fer)<\/td>\n<td style=\"border-color: #000000;\">B\u00fchne<\/td>\n<\/tr>\n<tr>\n<td style=\"border-color: #000000;\">14:55<\/td>\n<td style=\"border-color: #000000;\">Kurzvortrag: <strong>Artensterben \/ Biodiversit\u00e4t<\/strong> (Dr. Wolfhard von Thienen)<\/td>\n<td style=\"border-color: #000000;\">B\u00fchne<\/td>\n<\/tr>\n<tr>\n<td style=\"border-color: #000000;\">15:05<\/td>\n<td style=\"border-color: #000000;\">Kurzvortrag: <strong>Modenschau<\/strong> (Gisela Listl)<\/td>\n<td style=\"border-color: #000000;\">B\u00fchne<\/td>\n<\/tr>\n<tr>\n<td style=\"border-color: #000000;\">15:45<\/td>\n<td style=\"border-color: #000000;\">Musikbeitrag:\u00a0 <strong>Meringer Stadtmusikanten<br \/>\n<\/strong>Was die Klassik, der Blues und die Rockmusik gemeinsam haben? Au\u00dfer diesen drei Musikern nicht viel. Abgesehen von ihrem Fable f\u00fcr Pferde, Hunde und Katzen haben diese drei Meringer Musikanten nicht viel mit den vier Tieren aus dem Volksm\u00e4rchen gemeinsam. Au\u00dfer ihrer Liebe zur Musik.<strong><br \/>\n<\/strong><\/td>\n<td style=\"border-color: #000000;\">B\u00fchne<\/td>\n<\/tr>\n<tr>\n<td style=\"border-color: #000000;\">16:20<\/td>\n<td style=\"border-color: #000000;\">Kurzvortrag: offen (Diakon E. Helmer)<\/td>\n<td style=\"border-color: #000000;\">B\u00fchne<\/td>\n<\/tr>\n<tr>\n<td style=\"border-color: #000000;\">16:30<\/td>\n<td style=\"border-color: #000000;\">Kurzvortrag: <strong>\u00dcberblick \u00fcber den Asamhof in Kissing<\/strong> (Ludwig Asam)<\/td>\n<td style=\"border-color: #000000;\">B\u00fchne<\/td>\n<\/tr>\n<tr>\n<td style=\"border-color: #000000;\">16:40<\/td>\n<td style=\"border-color: #000000;\">Kurzvortrag: <strong>Essen was man retten will &#8211; die Slow Food Arche des Geschmacks<\/strong> (Dr. Richard Bartels)<\/td>\n<td style=\"border-color: #000000;\">B\u00fchne<\/td>\n<\/tr>\n<tr>\n<td style=\"border-color: #000000;\">17:00<\/td>\n<td style=\"border-color: #000000;\"><strong>Verlosung zum ZukunftsMarkt Gewinnspiel und Verabschiedung <\/strong><\/td>\n<td style=\"border-color: #000000;\">B\u00fchne<\/td>\n<\/tr>\n<tr>\n<td style=\"border-color: #000000;\">17:20<\/td>\n<td style=\"border-color: #000000;\">Drum Show:<strong><strong> Pica-Pau<br \/>\n<\/strong><\/strong>Pica-Pau ist eine energiegeladene Percussion- und Showband aus Augsburg. Bis zu 25\u00a0Trommler spielen die treibenden Rhythmen des Samba-Batucada und Samba Reggae und vor allem auch immer mehr moderne Eigenkompositionen auf unz\u00e4hligen B\u00fchnen im In- und Ausland.Mehr Info unter: <a href=\"http:\/\/www.pica-pau.com\">www.pica-pau.com<\/a><\/td>\n<td style=\"border-color: #000000;\">Vor der B\u00fchne<\/td>\n<\/tr>\n<tr>\n<td style=\"border-color: #000000;\">18:00<\/td>\n<td style=\"border-color: #000000;\"><strong>Ende des Festes \/ des ZukunftsMarktes<\/strong><\/td>\n<td style=\"border-color: #000000;\"><\/td>\n<\/tr>\n<\/tbody>\n<\/table>\n<p>Alle Zeitangaben sind \u2018ca.\u2019-Angaben.<\/p>\n<p>Weitere Informationen:<\/p>\n<ul>\n<li><a href=\"https:\/\/mering.info\/?p=1398\">Allgemeine Informationen zum Fest<\/a>.<\/li>\n<li><a href=\"https:\/\/mering.info\/?p=1394\">Unser Programm finden Sie hier<\/a>.<\/li>\n<li><a href=\"https:\/\/mering.info\/?p=1391\">Informationen zur Anfahrt finden Sie hier<\/a>.<\/li>\n<\/ul>\n","protected":false},"excerpt":{"rendered":"<p>Hier finden Sie den zeitlichen Ablauf des Kulturprogramms des ZukunftsMarkts Mering 2017. Wir bieten wieder einige Musikbeitr\u00e4ge, viel Information durch Kurzvortr\u00e4ge sowie Tanz. Durch das Programm f\u00fchrt Werner Bader, bekannt &hellip; <a href=\"https:\/\/mering.info\/?page_id=1418\" class=\"more-link\"><span class=\"screen-reader-text\">Kulturprogramm 2017<\/span> weiterlesen <span class=\"meta-nav\">&rarr;<\/span><\/a><\/p>\n","protected":false},"author":2,"featured_media":0,"parent":0,"menu_order":0,"comment_status":"closed","ping_status":"closed","template":"","meta":{"jetpack_post_was_ever_published":false,"footnotes":""},"class_list":["post-1418","page","type-page","status-publish","hentry"],"yoast_head":"<!-- This site is optimized with the Yoast SEO plugin v27.5 - https:\/\/yoast.com\/product\/yoast-seo-wordpress\/ -->\n<title>Kulturprogramm 2017 - Nachhaltiges Mering<\/title>\n<meta name=\"robots\" content=\"index, follow, max-snippet:-1, max-image-preview:large, max-video-preview:-1\" \/>\n<link rel=\"canonical\" href=\"https:\/\/mering.info\/?page_id=1418\" \/>\n<meta property=\"og:locale\" content=\"de_DE\" \/>\n<meta property=\"og:type\" content=\"article\" \/>\n<meta property=\"og:title\" content=\"Kulturprogramm 2017 - Nachhaltiges Mering\" \/>\n<meta property=\"og:description\" content=\"Hier finden Sie den zeitlichen Ablauf des Kulturprogramms des ZukunftsMarkts Mering 2017. Wir bieten wieder einige Musikbeitr\u00e4ge, viel Information durch Kurzvortr\u00e4ge sowie Tanz. Durch das Programm f\u00fchrt Werner Bader, bekannt &hellip; Kulturprogramm 2017 weiterlesen &rarr;\" \/>\n<meta property=\"og:url\" content=\"https:\/\/mering.info\/?page_id=1418\" \/>\n<meta property=\"og:site_name\" content=\"Nachhaltiges Mering\" \/>\n<meta property=\"article:modified_time\" content=\"2019-10-11T16:44:21+00:00\" \/>\n<meta name=\"twitter:card\" content=\"summary_large_image\" \/>\n<meta name=\"twitter:label1\" content=\"Gesch\u00e4tzte Lesezeit\" \/>\n\t<meta name=\"twitter:data1\" content=\"2\u00a0Minuten\" \/>\n<script type=\"application\/ld+json\" class=\"yoast-schema-graph\">{\"@context\":\"https:\\\/\\\/schema.org\",\"@graph\":[{\"@type\":\"WebPage\",\"@id\":\"https:\\\/\\\/mering.info\\\/?page_id=1418\",\"url\":\"https:\\\/\\\/mering.info\\\/?page_id=1418\",\"name\":\"Kulturprogramm 2017 - Nachhaltiges Mering\",\"isPartOf\":{\"@id\":\"https:\\\/\\\/mering.info\\\/#website\"},\"datePublished\":\"2017-05-02T18:45:02+00:00\",\"dateModified\":\"2019-10-11T16:44:21+00:00\",\"breadcrumb\":{\"@id\":\"https:\\\/\\\/mering.info\\\/?page_id=1418#breadcrumb\"},\"inLanguage\":\"de\",\"potentialAction\":[{\"@type\":\"ReadAction\",\"target\":[\"https:\\\/\\\/mering.info\\\/?page_id=1418\"]}]},{\"@type\":\"BreadcrumbList\",\"@id\":\"https:\\\/\\\/mering.info\\\/?page_id=1418#breadcrumb\",\"itemListElement\":[{\"@type\":\"ListItem\",\"position\":1,\"name\":\"Startseite\",\"item\":\"https:\\\/\\\/mering.info\\\/\"},{\"@type\":\"ListItem\",\"position\":2,\"name\":\"Kulturprogramm 2017\"}]},{\"@type\":\"WebSite\",\"@id\":\"https:\\\/\\\/mering.info\\\/#website\",\"url\":\"https:\\\/\\\/mering.info\\\/\",\"name\":\"Nachhaltiges Mering\",\"description\":\"Zukunftsf\u00e4higes Mering\",\"potentialAction\":[{\"@type\":\"SearchAction\",\"target\":{\"@type\":\"EntryPoint\",\"urlTemplate\":\"https:\\\/\\\/mering.info\\\/?s={search_term_string}\"},\"query-input\":{\"@type\":\"PropertyValueSpecification\",\"valueRequired\":true,\"valueName\":\"search_term_string\"}}],\"inLanguage\":\"de\"}]}<\/script>\n<!-- \/ Yoast SEO plugin. -->","yoast_head_json":{"title":"Kulturprogramm 2017 - Nachhaltiges Mering","robots":{"index":"index","follow":"follow","max-snippet":"max-snippet:-1","max-image-preview":"max-image-preview:large","max-video-preview":"max-video-preview:-1"},"canonical":"https:\/\/mering.info\/?page_id=1418","og_locale":"de_DE","og_type":"article","og_title":"Kulturprogramm 2017 - Nachhaltiges Mering","og_description":"Hier finden Sie den zeitlichen Ablauf des Kulturprogramms des ZukunftsMarkts Mering 2017. Wir bieten wieder einige Musikbeitr\u00e4ge, viel Information durch Kurzvortr\u00e4ge sowie Tanz. Durch das Programm f\u00fchrt Werner Bader, bekannt &hellip; Kulturprogramm 2017 weiterlesen &rarr;","og_url":"https:\/\/mering.info\/?page_id=1418","og_site_name":"Nachhaltiges Mering","article_modified_time":"2019-10-11T16:44:21+00:00","twitter_card":"summary_large_image","twitter_misc":{"Gesch\u00e4tzte Lesezeit":"2\u00a0Minuten"},"schema":{"@context":"https:\/\/schema.org","@graph":[{"@type":"WebPage","@id":"https:\/\/mering.info\/?page_id=1418","url":"https:\/\/mering.info\/?page_id=1418","name":"Kulturprogramm 2017 - Nachhaltiges Mering","isPartOf":{"@id":"https:\/\/mering.info\/#website"},"datePublished":"2017-05-02T18:45:02+00:00","dateModified":"2019-10-11T16:44:21+00:00","breadcrumb":{"@id":"https:\/\/mering.info\/?page_id=1418#breadcrumb"},"inLanguage":"de","potentialAction":[{"@type":"ReadAction","target":["https:\/\/mering.info\/?page_id=1418"]}]},{"@type":"BreadcrumbList","@id":"https:\/\/mering.info\/?page_id=1418#breadcrumb","itemListElement":[{"@type":"ListItem","position":1,"name":"Startseite","item":"https:\/\/mering.info\/"},{"@type":"ListItem","position":2,"name":"Kulturprogramm 2017"}]},{"@type":"WebSite","@id":"https:\/\/mering.info\/#website","url":"https:\/\/mering.info\/","name":"Nachhaltiges Mering","description":"Zukunftsf\u00e4higes Mering","potentialAction":[{"@type":"SearchAction","target":{"@type":"EntryPoint","urlTemplate":"https:\/\/mering.info\/?s={search_term_string}"},"query-input":{"@type":"PropertyValueSpecification","valueRequired":true,"valueName":"search_term_string"}}],"inLanguage":"de"}]}},"jetpack_sharing_enabled":true,"_links":{"self":[{"href":"https:\/\/mering.info\/index.php?rest_route=\/wp\/v2\/pages\/1418","targetHints":{"allow":["GET"]}}],"collection":[{"href":"https:\/\/mering.info\/index.php?rest_route=\/wp\/v2\/pages"}],"about":[{"href":"https:\/\/mering.info\/index.php?rest_route=\/wp\/v2\/types\/page"}],"author":[{"embeddable":true,"href":"https:\/\/mering.info\/index.php?rest_route=\/wp\/v2\/users\/2"}],"replies":[{"embeddable":true,"href":"https:\/\/mering.info\/index.php?rest_route=%2Fwp%2Fv2%2Fcomments&post=1418"}],"version-history":[{"count":24,"href":"https:\/\/mering.info\/index.php?rest_route=\/wp\/v2\/pages\/1418\/revisions"}],"predecessor-version":[{"id":2963,"href":"https:\/\/mering.info\/index.php?rest_route=\/wp\/v2\/pages\/1418\/revisions\/2963"}],"wp:attachment":[{"href":"https:\/\/mering.info\/index.php?rest_route=%2Fwp%2Fv2%2Fmedia&parent=1418"}],"curies":[{"name":"wp","href":"https:\/\/api.w.org\/{rel}","templated":true}]}}