{"id":2582,"date":"2019-03-05T18:14:24","date_gmt":"2019-03-05T17:14:24","guid":{"rendered":"http:\/\/mering.info\/?page_id=2582"},"modified":"2023-01-28T22:39:26","modified_gmt":"2023-01-28T21:39:26","slug":"anbieter-3","status":"publish","type":"page","link":"https:\/\/mering.info\/?page_id=2582","title":{"rendered":"Anbieter"},"content":{"rendered":"<p>Auf dem Veranstaltungsgel\u00e4nde des ZukunftsMarkts Mering 2019 finden Sie\u00a0 Anbieter (alphabetische Reihenfolge) mit Informationen, Aktionen und Produkten.<\/p>\n<p>Die Lage des jeweiligen Anbieters im Lippgarten k\u00f6nnen Sie der \u00dcbersichtskarte entnehmen:<\/p>\n<p><img fetchpriority=\"high\" decoding=\"async\" class=\"alignnone size-full wp-image-2743\" src=\"https:\/\/mering.info\/wp-content\/uploads\/2019\/04\/Lippgarten-2019.jpg\" alt=\"\" width=\"1025\" height=\"503\" srcset=\"https:\/\/mering.info\/wp-content\/uploads\/2019\/04\/Lippgarten-2019.jpg 1025w, https:\/\/mering.info\/wp-content\/uploads\/2019\/04\/Lippgarten-2019-300x147.jpg 300w, https:\/\/mering.info\/wp-content\/uploads\/2019\/04\/Lippgarten-2019-768x377.jpg 768w, https:\/\/mering.info\/wp-content\/uploads\/2019\/04\/Lippgarten-2019-1024x503.jpg 1024w\" sizes=\"(max-width: 1025px) 100vw, 1025px\" \/><\/p>\n<h5>Bildung<\/h5>\n<table style=\"height: 299px; width: 441px;\">\n<tbody>\n<tr style=\"height: 0px;\">\n<td style=\"height: 0px; width: 423.4px;\" colspan=\"2\"><strong>Grundschule Mering Amberieustra\u00dfe (14)<br \/>\n<\/strong>Umweltschutz f\u00fcr die Welt von morgen.<\/td>\n<\/tr>\n<tr style=\"height: 0px;\">\n<td style=\"height: 0px; width: 0px;\"><\/td>\n<td style=\"height: 0px; width: 406.6px;\"><strong>Projekte:<\/strong> Pr\u00e4sentation versch. Umweltschutzaktionen im Schulalltag.<\/td>\n<\/tr>\n<tr style=\"height: 0px;\">\n<td style=\"width: 0px; height: 0px;\"><\/td>\n<td style=\"width: 406.6px; height: 0px;\"><strong>Aktionen: <\/strong>Mitmachaktion.<\/td>\n<\/tr>\n<tr style=\"height: 0px;\">\n<td style=\"height: 0px; width: 423.4px;\" colspan=\"2\"><strong>Grundschule Kissing (13):<br \/>\n<\/strong>Die Grundschule Kissing hat sich um die Auszeichnung als &#8222;Umweltschule in Europa &#8211; Internationale Nachhaltigkeitsschule&#8220; beworben und unternimmt in diesem Rahmen Projekte zum Thema Plastik und M\u00fclltrennung sowie ein Wildbienenprojekt.<strong><br \/>\n<\/strong><\/td>\n<\/tr>\n<tr style=\"height: 0px;\">\n<td style=\"height: 0px; width: 0px;\"><\/td>\n<td style=\"height: 0px; width: 406.6px;\"><strong>Projekte: <\/strong>Die Jahrgangsstufen 1 &#8211; 4 haben Projekte zum Thema Plastik und Wildbienenhilfe unternommen.<\/td>\n<\/tr>\n<tr style=\"height: 0px;\">\n<td style=\"width: 0px; height: 0px;\"><\/td>\n<td style=\"width: 406.6px; height: 0px;\"><strong>Aktionen: <\/strong>Ausstellung einiger Projektergebnisse.<\/td>\n<\/tr>\n<tr style=\"height: 0px;\">\n<td style=\"height: 0px; width: 423.4px;\" colspan=\"2\"><strong>Fridays for Future (15)<br \/>\n<\/strong>(wird erg\u00e4nzt)<strong><br \/>\n<\/strong><\/td>\n<\/tr>\n<tr style=\"height: 0px;\">\n<td style=\"width: 0px; height: 0px;\"><\/td>\n<td style=\"width: 406.6px; height: 0px;\">(wird erg\u00e4nzt)<\/td>\n<\/tr>\n<tr style=\"height: 0px;\">\n<td style=\"height: 0px; width: 423.4px;\" colspan=\"2\"><strong>Katholischer Kindergarten St. Afra, Mering (10)<br \/>\n<\/strong>Der Kindergarten mit Kreativwerkstatt und ganzj\u00e4hrigem Upcycling Projekt!<strong><br \/>\n<\/strong><\/td>\n<\/tr>\n<tr style=\"height: 0px;\">\n<td style=\"height: 0px; width: 0px;\"><\/td>\n<td style=\"height: 0px; width: 406.6px;\"><strong>Projekte: <\/strong>In unserem Haus gibt es eine Kreativwerkstatt in der die Kinder das ganze Jahr \u00fcber Upcycling durchf\u00fchren.<\/td>\n<\/tr>\n<tr style=\"height: 0px;\">\n<td style=\"width: 0px; height: 0px;\"><\/td>\n<td style=\"width: 406.6px; height: 0px;\"><strong>Aktionen: <\/strong>Kreative Gestaltung von Vasen aus Altglas.<\/td>\n<\/tr>\n<tr style=\"height: 0px;\">\n<td style=\"height: 0px; width: 423.4px;\" colspan=\"2\"><strong>Katholischer Kindergarten St. Margarita, Mering (12)<br \/>\n<\/strong>Nachaltigkeit soll Kindern Freude bereiten. <strong><br \/>\n<\/strong><\/td>\n<\/tr>\n<tr style=\"height: 0px;\">\n<td style=\"width: 0px; height: 0px;\"><\/td>\n<td style=\"width: 406.6px; height: 0px;\"><strong>Projekte: <\/strong>Das ganze Jahr \u00fcber werden mit den Kindern kleine Schritte in Richtung Nachhaltigkeit gegangen. Als Beispiel pr\u00e4sentieren wir hier einen selbstgebastelten Brotbeutel.<strong><br \/>\n<\/strong><\/td>\n<\/tr>\n<tr style=\"height: 0px;\">\n<td style=\"height: 0px; width: 0px;\"><\/td>\n<td style=\"height: 0px; width: 406.6px;\"><strong>Aktionen:<\/strong><br \/>\nBrotbeutel mit Kartoffeldruck gestalten.<\/td>\n<\/tr>\n<tr style=\"height: 0px;\">\n<td style=\"height: 0px; width: 423.4px;\" colspan=\"2\"><strong>Kindergarten Sommerkeller, Mering (11)<br \/>\n<\/strong>4-gruppiger Kindergarten mit Kindern von 3 bis 6 Jahren und eigenem Schrebergarten<strong>.<br \/>\n<\/strong><\/td>\n<\/tr>\n<tr style=\"height: 0px;\">\n<td style=\"height: 0px; width: 0px;\"><\/td>\n<td style=\"height: 0px; width: 406.6px;\"><strong>Projekte:<\/strong> Im eigenen Schrebergarten k\u00f6nnen die Kinder selbst pflanzen, gie\u00dfen und ernten. Auf einer Infotafel mit Fotos werden die Arbeiten im Garten pr\u00e4sentiert.<\/td>\n<\/tr>\n<tr style=\"height: 0px;\">\n<td style=\"width: 0px; height: 0px;\"><\/td>\n<td style=\"width: 406.6px; height: 0px;\"><strong>Aktionen:<br \/>\n<\/strong>Die Kinder sollen Obst\/Gem\u00fcse in einer F\u00fchlkiste ertasten und nach heimischem und importiertem Obst sortieren.<\/td>\n<\/tr>\n<\/tbody>\n<\/table>\n<h5>K\u00fcnstler<\/h5>\n<table style=\"height: 329px;\">\n<tbody>\n<tr style=\"height: 0px;\">\n<td style=\"width: 456.4px; height: 0px;\" colspan=\"2\"><strong>Anneliese Hirschvogel, Mering (Kunstbereich):<br \/>\n<\/strong><\/td>\n<\/tr>\n<tr style=\"height: 0px;\">\n<td style=\"width: 10.05px; height: 0px;\"><\/td>\n<td style=\"width: 429.55px; height: 0px;\"><strong>Zur Person: <\/strong>Freischaffende Berufsk\u00fcnstlerin. Bildende Kunst, vorrangig Acrylmalerei. Collage und Holzschnitt, meist zeitgen\u00f6ssisch. Viele Kunstpreise\u00a0 sowie Ausstellungen im In- und Ausland.<\/td>\n<\/tr>\n<tr style=\"height: 0px;\">\n<td style=\"width: 10.05px; height: 0px;\"><\/td>\n<td style=\"width: 429.55px; height: 0px;\"><strong>Zur Ausstellung:<\/strong><br \/>\nBild: <strong>Hier ist ein Mensch<\/strong>, 70 x 100 cm, Collage \/ Acryl<br \/>\nBild: <strong>Bringt Steine ins Rollen<\/strong>, 70 x 100 cm, Collage \/ Acryl<br \/>\nBildzyklus: <strong>Kreuzfeuer<\/strong>, Holzschnitte, je 40 x 30 cm<br \/>\nObjekt: <strong>Sch\u00f6ne Vase f\u00fcr sch\u00f6nen Baum<\/strong>, Holzpalette bemalt.<\/td>\n<\/tr>\n<tr style=\"height: 0px;\">\n<td style=\"width: 10.05px; height: 0px;\"><\/td>\n<td style=\"width: 429.55px; height: 0px;\"><strong>Kurzvortrag: <\/strong>Die K\u00fcnstlerin wird ihre Bilder und Objekte in einem Kurzvortrag erl\u00e4utern.<\/td>\n<\/tr>\n<tr style=\"height: 0px;\">\n<td style=\"width: 456.4px; height: 0px;\" colspan=\"2\"><strong>Christa Mayr (22):\u00a0<\/strong><\/td>\n<\/tr>\n<tr style=\"height: 0px;\">\n<td style=\"width: 10.05px; height: 0px;\"><\/td>\n<td style=\"width: 429.55px; height: 0px;\"><strong>Zur Person: <\/strong>Studium an der Akademie f\u00fcr bildende K\u00fcnste M\u00fcnchen; Freie und angewandte Kunst Malschule.<\/td>\n<\/tr>\n<tr style=\"height: 0px;\">\n<td style=\"width: 10.05px; height: 0px;\"><\/td>\n<td style=\"width: 429.55px; height: 0px;\"><strong>Zur Ausstellung: <\/strong>Kunstobjekte aus Natur- und Recyclingmaterial.<\/td>\n<\/tr>\n<tr style=\"height: 0px;\">\n<td style=\"width: 10.05px; height: 0px;\"><\/td>\n<td style=\"width: 429.55px; height: 0px;\"><strong>Aktionen: <\/strong>Stoffmalerei f\u00fcr Kinder und Erwachsene.<\/td>\n<\/tr>\n<tr style=\"height: 0px;\">\n<td style=\"width: 456.4px; height: 0px;\" colspan=\"2\"><strong>Klaus Popfinger (Kunstbereich):\u00a0<\/strong><\/td>\n<\/tr>\n<tr style=\"height: 0px;\">\n<td style=\"width: 10.05px; height: 0px;\"><\/td>\n<td style=\"width: 429.55px; height: 0px;\"><strong>Zur\u00a0 Person:<\/strong> Hobbyk\u00fcnstler.<\/td>\n<\/tr>\n<tr style=\"height: 0px;\">\n<td style=\"width: 10.05px; height: 0px;\"><\/td>\n<td style=\"width: 429.55px; height: 0px;\"><strong>Zur Ausstellung: <\/strong>Lackierte Blechskulpturen aus upgecycelten \u00d6lf\u00e4ssern.<\/td>\n<\/tr>\n<\/tbody>\n<\/table>\n<h5>Anbieter<\/h5>\n<table style=\"height: 78px; width: 404px;\" border=\"0\" cellpadding=\"5\">\n<tbody>\n<tr style=\"height: 0px;\">\n<td style=\"height: 0px; width: 386.4px;\" colspan=\"2\"><strong><a href=\"http:\/\/www.adfc-augsburg.de\/\" target=\"_blank\" rel=\"noopener noreferrer\">ADFC Kreisverband Augsburg (1)<\/a><\/strong><br \/>\nDer ADFC setzt sich ein f\u00fcr umweltfreundliche Mobilit\u00e4t und hier speziell f\u00fcr die F\u00f6rderung des Fahrradfahrens.<\/td>\n<\/tr>\n<tr style=\"height: 0px;\">\n<td style=\"height: 0px; width: 0.0333333px;\"><\/td>\n<td style=\"width: 369.567px; height: 0px;\"><strong>Informationen: <\/strong>Es gibt umfangreiche Informationen zum Thema Fahrradfahren u.a. auch Fahrradkarten sowie Tourenvorschl\u00e4ge.<\/td>\n<\/tr>\n<tr style=\"height: 0px;\">\n<td style=\"width: 0.0333333px; height: 0px;\"><\/td>\n<td style=\"width: 369.567px; height: 0px;\"><strong>Aktionen: <\/strong>Angeboten wird ein kostenloser <strong>Fahrradcheck<\/strong>. Kleine Reparaturen werden vor Ort erledigt.<\/p>\n<p>Mit etwas Kraft und Engagement k\u00f6nnen sich die Besucher auf dem <strong>Smoothie-Rad<\/strong> aus Obst einen Smoothie erradeln.<\/td>\n<\/tr>\n<tr style=\"height: 0px;\">\n<td style=\"height: 0px; width: 386.4px;\" colspan=\"2\"><strong>\u00a0<a href=\"https:\/\/www.ag-tierrechte.de\/\" target=\"_blank\" rel=\"noopener noreferrer\">AG Tierrechte e.V., Merching<\/a> (4)<br \/>\n<\/strong>Mitglied im Organisationsteam<strong>.<br \/>\n<\/strong>Tierschutzverein.<\/td>\n<\/tr>\n<tr style=\"height: 0px;\">\n<td style=\"height: 0px; width: 0.0333333px;\"><\/td>\n<td style=\"width: 369.567px; height: 0px;\"><strong>Informationen:<br \/>\n<\/strong>Flyer, Brosch\u00fcren, Info\/Ausstellungsmaterialien zum<br \/>\nThema Veganismus, Umweltschutz, Wildtierhilfe<br \/>\n(V\u00f6gel, Igel, Wildbienen &#8230;), Insektenhotels \u2026<strong><br \/>\n<\/strong><\/td>\n<\/tr>\n<tr style=\"height: 0px;\">\n<td style=\"height: 0px; width: 386.4px;\" colspan=\"2\"><strong><a href=\"https:\/\/keine-osttangente.de\/\" target=\"_blank\" rel=\"noopener noreferrer\">Aktionsb\u00fcndnis Keine Osttangente (AKO)<\/a> (5)<br \/>\n<\/strong>Mitglied im Organisationsteam<strong>.<br \/>\n<\/strong>B\u00fcrgerinitiative zum Thema Mobilit\u00e4t<\/td>\n<\/tr>\n<tr style=\"height: 0px;\">\n<td style=\"height: 0px; width: 0.0333333px;\"><\/td>\n<td style=\"width: 369.567px; height: 0px;\"><strong>Informationen:<br \/>\n<\/strong>&#8211; Besseres Verkehrskonzept Gro\u00dfraum Augsburg<strong><br \/>\n<\/strong>&#8211; Planungsstand Stra\u00dfenbauprojekt Osttangente<strong><br \/>\n<\/strong><\/td>\n<\/tr>\n<tr style=\"height: 0px;\">\n<td style=\"width: 0.0333333px; height: 0px;\"><\/td>\n<td style=\"width: 369.567px; height: 0px;\"><strong>Aktionen:<br \/>\n<\/strong>Feinstaub-Performance<\/td>\n<\/tr>\n<tr style=\"height: 0px;\">\n<td style=\"height: 10px; width: 386.4px;\" colspan=\"2\"><strong><a href=\"http:\/\/www.asamhof-kissing.de\/index.php?seite=start\" target=\"_blank\" rel=\"noopener noreferrer\">Asamhof, Kissing (30)<\/a><br \/>\n<\/strong>Ein Bio-Landwirt aus Kissing der auch regional GVO-freie Futtermittel anbaut (GVO = Gentechnisch ver\u00e4nderte Organismen).<\/td>\n<\/tr>\n<tr style=\"height: 0px;\">\n<td style=\"height: 0px; width: 0.0333333px;\"><\/td>\n<td style=\"height: 0px; width: 369.567px;\"><strong>Produkte:<br \/>\n<\/strong>Bio-Erdbeeren; Bio-Lamm und Bio-Rindfleisch; ggf. Heidelbeeren.<strong><br \/>\n<\/strong><\/td>\n<\/tr>\n<tr style=\"height: 0px;\">\n<td style=\"width: 0.0333333px; height: 0px;\"><\/td>\n<td style=\"width: 369.567px; height: 0px;\"><strong>Aktionen:<br \/>\n<\/strong>Verkostung von Bio-Erdbeer-Sorten sowie Erdbeer-Quiz.<\/td>\n<\/tr>\n<tr style=\"height: 0px;\">\n<td style=\"height: 0px; width: 386.4px;\" colspan=\"2\"><strong><a href=\"https:\/\/mering.info\/?p=888\">Biomarkt natufit, Mering<\/a> (8)<br \/>\n<\/strong>Seit \u00fcber 30 Jahren ist dieser Biomarkt mit einem umfangreichen Sortiment und einem Restaurant\/Cafe eine feste Gr\u00f6\u00dfe zum Thema Nachhaltigkeit in Mering.<\/td>\n<\/tr>\n<tr style=\"height: 0px;\">\n<td style=\"height: 0px; width: 0.0333333px;\"><\/td>\n<td style=\"height: 00px; width: 369.567px;\"><strong>Aktionen: <\/strong>Biologisches Essensangebot im Gastrobereich. Angeboten wird ein konventionelles und ein veganes Gericht.<\/td>\n<\/tr>\n<tr style=\"height: 0px;\">\n<td style=\"height: 0px; width: 386.4px;\" colspan=\"2\"><strong><a href=\"https:\/\/www.mering.de\/bildung-soziales\/b%C3%BCcherei.html\" target=\"_blank\" rel=\"noopener noreferrer\">B\u00fccherei Mering (26)<\/a><br \/>\n<\/strong>Die Meringer B\u00fccherei bietet ein umfangreiches Angebot an Medien zur Direktausleihe bzw. als Onleihe (B\u00fccher, Audioformate).<\/td>\n<\/tr>\n<tr style=\"height: 0px;\">\n<td style=\"height: 0px; width: 0.0333333px;\"><\/td>\n<td style=\"height: 0px; width: 369.567px;\"><strong>Informationen: <\/strong>Informationen zum Angebot, Titellisten.<\/td>\n<\/tr>\n<tr style=\"height: 0px;\">\n<td style=\"height: 0px; width: 0.0333333px;\"><\/td>\n<td style=\"height: 0px; width: 369.567px;\"><strong>Aktionen: <\/strong>Pr\u00e4sentation von B\u00fcchern zum Thema Nachhaltigkeit. Bastelarbeiten mit B\u00fcchern. Quiz zum Thema B\u00fccher.<\/td>\n<\/tr>\n<tr style=\"height: 0px;\">\n<td style=\"height: 0px; width: 386.4px;\" colspan=\"2\"><a href=\"https:\/\/gruene-mering.de\" target=\"_blank\" rel=\"noopener noreferrer\"><strong>B\u00fcndnis 90 \/ Die Gr\u00fcnen OV Mering (3)<\/strong><\/a><br \/>\nMitglied im Organisationsteam.<br \/>\nMotto: Merings Zukunft ist gr\u00fcn!<\/td>\n<\/tr>\n<tr style=\"height: 0px;\">\n<td style=\"height: 0px; width: 0.0333333px;\"><\/td>\n<td style=\"width: 369.567px; height: 0px;\"><strong>Informationen:\u00a0\u00a0<\/strong> Die Meringer Gr\u00fcnen sind seit Gr\u00fcndung des Aktionsb\u00fcndnisses aus \u00dcberzeugung dabei. Mit einem engagierten Ortsverband und einer derzeit f\u00fcnfk\u00f6pfigen Gemeinderatsfraktion setzen wir uns seit mehr als 25 Jahren f\u00fcr ein nachhaltige Zukunft Merings ein. Ein besonderes Anliegen war und ist uns in diesem Zusammenhang die Ortsentwicklung. Bei der Innerortsgestaltung und dem St\u00e4dtebauf\u00f6rderungsprozess haben wir uns deshalb intensiv in die Planungen und eingebracht. Mehr Informationen dazu auf unserer Webseite.<\/td>\n<\/tr>\n<tr style=\"height: 0px;\">\n<td style=\"width: 386.4px; height: 0px;\" colspan=\"2\"><strong><a href=\"https:\/\/buergerenergie.bayern\/\" target=\"_blank\" rel=\"noopener noreferrer\">B\u00fcrger-Energie-Genossenschaft Neuburg-Schrobenhausen-Aichach-Eichst\u00e4tt eG\u00a0<\/a> (35)<br \/>\n<\/strong>Energiewende vor Ort &#8211; 100% Erneuerbare in B\u00fcrgerhand<strong><br \/>\n<\/strong><\/td>\n<\/tr>\n<tr style=\"height: 0px;\">\n<td style=\"height: 0px; width: 0.0333333px;\"><\/td>\n<td style=\"height: 0px; width: 369.567px;\"><strong>Informationen:<br \/>\n<\/strong>&#8211; Mitgliedschaft in B\u00fcrgerenergiegenossenschaft<br \/>\n&#8211; Regionaler \u00d6kostrom (Bavariastrom)<br \/>\n&#8211; Beteiligung an Projekten (Photovoltaik und Windkraft)<\/td>\n<\/tr>\n<tr style=\"height: 0px;\">\n<td style=\"height: 0px; width: 386.4px;\" colspan=\"2\"><strong><a href=\"http:\/\/www.bn-aic.de\" target=\"_blank\" rel=\"noopener noreferrer\">Bund Naturschutz, Kreisgruppe Aichach-Friedberg (3)<br \/>\n<\/a><\/strong>Mitglied im Organisationsteam.<br \/>\nDer Bund setzt sich ein f\u00fcr eine gesunde Umwelt und f\u00fcr die Erhaltung unserer Lebensgrundlagen.<\/td>\n<\/tr>\n<tr style=\"height: 0px;\">\n<td style=\"height: 0px; width: 0.0333333px;\"><\/td>\n<td style=\"height: 0px; width: 369.567px;\"><strong>Informationen: <\/strong><\/p>\n<ul>\n<li>Fotowand \u00fcber Aktionen der Ortsgruppe<\/li>\n<li>Flyer, Brosch\u00fcren und Infomaterial zu wilden Pflanzen, Wildgarten, Garten ohne Gift, Schutz und Hilfe f\u00fcr Igel, Wildbienen, die Amphibien Bayerns und vieles mehr.<\/li>\n<\/ul>\n<\/td>\n<\/tr>\n<tr style=\"height: 0px;\">\n<td style=\"height: 0px; width: 0.0333333px;\"><\/td>\n<td style=\"height: 0px; width: 369.567px;\"><strong>Aktionen:\u00a0\u00a0 <\/strong>Baumwoll-Einkauftaschen kreativ bemalen und\/oder beschriften<\/td>\n<\/tr>\n<tr style=\"height: 0px;\">\n<td style=\"height: 0px; width: 386.4px;\" colspan=\"2\"><strong>Cafe Lupo, Mering (6)<br \/>\n<\/strong>Ein neues Cafe in Mering wird &#8222;Caf\u00e9 Lupo&#8220; hei\u00dfen. Es wird dort neben Kaffee und Kuchen auch kleine Gerichte (Mittagstisch) geben.<\/td>\n<\/tr>\n<tr style=\"height: 0px;\">\n<td style=\"height: 0px; width: 0.0333333px;\"><\/td>\n<td style=\"height: 0px; width: 369.567px;\"><strong>Informationen:\u00a0 <\/strong>Zu dem Konzept des Caf\u00e9s geh\u00f6rt die Versorgung mit regionalen Produkten, die \u00fcber das Projekt der Solidarischen Landwirtschaft Augsburg sowie anderen lokalen Produzenten bereit gestellt werden.<\/td>\n<\/tr>\n<tr style=\"height: 0px;\">\n<td style=\"width: 0.0333333px; height: 0px;\"><\/td>\n<td style=\"width: 369.567px; height: 0px;\"><strong>Produkte:\u00a0 <\/strong>einige Produkte werden selbst hergestellt:<\/p>\n<ul>\n<li>Selbstgemachter Lupinenkaffee<strong><br \/>\n<\/strong><\/li>\n<li>Selbstgebrautes bio-zertifiziertes Bier<\/li>\n<li>Selbstgemachte Nudeln<\/li>\n<li>Selbst gebackenes Brot<\/li>\n<\/ul>\n<\/td>\n<\/tr>\n<tr style=\"height: 0px;\">\n<td style=\"height: 0px; width: 0.0333333px;\"><\/td>\n<td style=\"height: 0px; width: 369.567px;\"><strong>Aktionen:\u00a0\u00a0 <\/strong>An unserem Gemeinschaftsstand im Rahmen des \u00d6ko-Sozial-Projekts\u00a0 bieten wir Lupinenkaffee und selbstgebrautes Bier zur Verkostung an.<\/td>\n<\/tr>\n<tr style=\"height: 0px;\">\n<td style=\"height: 0px; width: 386.4px;\" colspan=\"2\"><strong><a href=\"https:\/\/www.rollende-gemuesekiste.de\/\" target=\"_blank\" rel=\"noopener noreferrer\">Die rollende Gem\u00fcsekiste, Augsburg (34)<\/a><br \/>\n<\/strong>Lieferdienst f\u00fcr Bio-Produkte wie Obst und Gem\u00fcse frei Haus.<strong><br \/>\n<\/strong><\/td>\n<\/tr>\n<tr style=\"height: 0px;\">\n<td style=\"height: 0px; width: 0.0333333px;\"><\/td>\n<td style=\"height: 0px; width: 369.567px;\"><strong>Informationen:\u00a0<\/strong> zu Lieferung und Kisten, unser Angebot betreffend. Information zum Thema Bio-Lebensmittel. Musterkisten \/ Vorstellung der Kisten.<\/td>\n<\/tr>\n<tr style=\"height: 0px;\">\n<td style=\"height: 0px; width: 0.0333333px;\"><\/td>\n<td style=\"width: 369.567px; height: 0px;\"><strong>Produkte: <\/strong>Lebensmittel-Lieferservice, M\u00e4rkte, Kosmetik- und Naturkostprodukte (biozertifiziert).<\/td>\n<\/tr>\n<tr style=\"height: 0px;\">\n<td style=\"height: 0px; width: 386.4px;\" colspan=\"2\"><strong>Erlebnisbauernhof\u00a0 Sedlmair, Schmiechen und <a href=\"https:\/\/www.kistlerhof-unterbergen.de\/\" target=\"_blank\" rel=\"noopener noreferrer\">Erlebnisbauernhof Kistlerhof, Unterbergen<\/a> (33)<\/strong><br \/>\nDas Ziel der beiden Bauernh\u00f6fe ist, Kindern und Erwachsenen den Wert und Respekt von Nahrungsmitteln und der Natur zu vermitteln.<\/td>\n<\/tr>\n<tr style=\"height: 0px;\">\n<td style=\"height: 0px; width: 0.0333333px;\"><\/td>\n<td style=\"height: 0px; width: 369.567px;\"><strong>Aktionen:<br \/>\n<\/strong>&#8211; Mit Kindern Getreide mahlen<br \/>\n&#8211; Spinnen am Spinnrad<br \/>\n&#8211; Wolle k\u00e4mmen<\/td>\n<\/tr>\n<tr style=\"height: 0px;\">\n<td style=\"height: 0px; width: 0.0333333px;\"><\/td>\n<td style=\"height: 0px; width: 369.567px;\"><strong><strong>Produkte:<br \/>\n<\/strong><\/strong>&#8211; Lernort Bauernhof: f\u00fcr Schulklassen der 1. &#8211; 9. Klasse von F\u00f6rderschulen und f\u00fcr Grundschulen 2. bis 4. Klasse werden die Kosten daf\u00fcr vom Staat \u00fcbernommen!<br \/>\n&#8211; F\u00fchl- und Erlebnistage f\u00fcr Menschen mit Handicap<br \/>\n&#8211; Erlebnistage f\u00fcr Kindergarten- und Kitagruppen<br \/>\n&#8211; Kindergeburtstag &#8222;Rundum-Sorglos&#8220;<br \/>\n&#8211; Ferienprogramme: wir sind bei den Tieren, basteln je nach Jahreszeit, f\u00fcttern die Tiere, backen miteinander\u00a0 &#8230; und noch vieles mehr!<br \/>\n&#8211; Jahreskurs (ab Mai bis Oktober 2020): Was wird \u00fcbers Jahr auf dem Bauernhof alles getan? Wir erleben es zusammen!<\/td>\n<\/tr>\n<tr style=\"height: 0px;\">\n<td style=\"height: 0px; width: 386.4px;\" colspan=\"2\"><strong>Gebrauchtwaren-Kaufhaus Mering (36)<br \/>\n<\/strong>Dieses Kaufhaus in Mering bietet gebrauchte Waren aller Art an.<\/td>\n<\/tr>\n<tr style=\"height: 0px;\">\n<td style=\"height: 0px; width: 0.0333333px;\"><\/td>\n<td style=\"height: 0px; width: 369.567px;\"><strong>Aktionen:\u00a0 <\/strong>&#8222;Aus alt mach neu!&#8220; Gebrauchtwaren neues Leben schenken und damit die Umwelt schonen.<\/td>\n<\/tr>\n<tr style=\"height: 0px;\">\n<td style=\"height: 0px; width: 0.0333333px;\"><\/td>\n<td style=\"height: 0px; width: 369.567px;\"><strong>Produkte: <\/strong>Gebrauchtwaren aller Art<strong><br \/>\n<\/strong><\/td>\n<\/tr>\n<tr style=\"height: 0px;\">\n<td style=\"height: 0px; width: 386.4px;\" colspan=\"2\"><strong>Gwand-art, Mering (24)<\/strong><br \/>\nIndividuelle Ma\u00dfschneiderei, vor allem Upcycling gebrauchter Kleidung.<\/td>\n<\/tr>\n<tr style=\"height: 0px;\">\n<td style=\"height: 0px; width: 0.0333333px;\"><\/td>\n<td style=\"height: 0px; width: 369.567px;\"><strong>Aktionen:<br \/>\n&#8211; <\/strong>Modenschau vor der B\u00fchne.<br \/>\n&#8211; Losverkauf mit Erl\u00f6s f\u00fcr &#8218;Kampagne f\u00fcr saubere Kleidung&#8216;<\/td>\n<\/tr>\n<tr style=\"height: 0px;\">\n<td style=\"height: 0px; width: 0.0333333px;\"><\/td>\n<td style=\"height: 0px; width: 369.567px;\"><strong>Produkte: <\/strong>Ausstellung von Kleidung und Accessoires.<\/td>\n<\/tr>\n<tr style=\"height: 0px;\">\n<td style=\"height: 0px; width: 386.4px;\" colspan=\"2\"><a href=\"http:\/\/www.iv-mering.de\" target=\"_blank\" rel=\"noopener noreferrer\"><strong>Imkerverein Mering (29)<\/strong><\/a><br \/>\nDieser Meringer Traditionsverein informiert zu allen Fragen der Imkerei und setzt sich f\u00fcr Umwelt- und Artenschutz ein.<strong><br \/>\n<\/strong><\/td>\n<\/tr>\n<tr style=\"height: 0px;\">\n<td style=\"height: 0px; width: 0.0333333px;\"><\/td>\n<td style=\"height: 0px; width: 369.567px;\"><strong>Informationen: <\/strong>Infomaterial <strong>&#8218;<\/strong>Alles rund um die Biene&#8216;: Leben, Produkte aus dem Volk, etc.<strong><br \/>\n<\/strong><\/td>\n<\/tr>\n<tr style=\"height: 0px;\">\n<td style=\"height: 0px; width: 0.0333333px;\"><\/td>\n<td style=\"height: 0px; width: 369.567px;\"><strong>Aktionen:<br \/>\n&#8211; <\/strong>Honigverkostung,<br \/>\n&#8211; Schaubienenstand<br \/>\n&#8211; in geringem Umfang Honigverkauf (max. 1 Glas pro Besucher)<\/td>\n<\/tr>\n<tr style=\"height: 0px;\">\n<td style=\"height: 0px; width: 0.0333333px;\"><\/td>\n<td style=\"height: 0px; width: 369.567px;\"><strong>Produkte: <\/strong>Honig<\/td>\n<\/tr>\n<tr style=\"height: 0px;\">\n<td style=\"height: 0px; width: 386.4px;\" colspan=\"2\"><strong><a href=\"http:\/\/www.ikv-mering.de\" target=\"_blank\" rel=\"noopener noreferrer\">Internationale Kultur Mering e.V. (IKM)<\/a> und NDEMELAs Creations (23)<\/strong><br \/>\nZiel des Vereins ist es, gesellschaftliche und soziale Identit\u00e4ten zusammen zu bringen und miteinander zu verbinden.<strong><br \/>\n<\/strong><\/td>\n<\/tr>\n<tr style=\"height: 0px;\">\n<td style=\"height: 0px; width: 0.0333333px;\"><\/td>\n<td style=\"height: 0px; width: 369.567px;\"><strong>Informationen: <\/strong>zum Verein und seinen Aktionen.<\/td>\n<\/tr>\n<tr style=\"height: 0px;\">\n<td style=\"width: 0.0333333px; height: 0px;\"><\/td>\n<td style=\"width: 369.567px; height: 0px;\"><strong>Aktionen:<br \/>\n&#8211; <\/strong>Pr\u00e4sentation von selbstgen\u00e4hten Taschen + Kissen unserer Asylbewerber<br \/>\n&#8211; H\u00e4keltiere aus Resten<br \/>\n&#8211; Kochbuch &#8222;Multi-Cooking&#8220;<br \/>\n&#8211; kleine Leckereien<br \/>\n&#8211; internationale M\u00e4rchen ausgedruckt zum Mitnehmen\u00a0<strong><br \/>\n<\/strong><\/td>\n<\/tr>\n<tr style=\"height: 0px;\">\n<td style=\"height: 0px; width: 0.0333333px;\"><\/td>\n<td style=\"height: 0px; width: 369.567px;\"><strong>Produkte: <\/strong>Textilartikel; Schmuck.<\/td>\n<\/tr>\n<tr style=\"height: 0px;\">\n<td style=\"width: 0.0333333px; height: 0px;\"><\/td>\n<td style=\"width: 369.567px; height: 0px;\"><strong>Projekte:\u00a0 <\/strong>Nachhaltige Freizeitgestaltung und interkultureller Austausch f\u00fcr B\u00fcrgerinnen und B\u00fcrger unterschiedlicher Herkunft.<\/td>\n<\/tr>\n<tr style=\"height: 0px;\">\n<td style=\"height: 0px; width: 386.4px;\" colspan=\"2\"><strong>KiMoBa, Mering St. Afra\u00a0 (27)<\/strong><br \/>\nHandgemachte Kinderbekleidung.<\/td>\n<\/tr>\n<tr style=\"height: 0px;\">\n<td style=\"height: 0px; width: 0.0333333px;\"><\/td>\n<td style=\"width: 369.567px; height: 0px;\"><strong>Produkte:<br \/>\n<\/strong>Kinderbekleidung; Geschenkpapier aus Stoff.<\/td>\n<\/tr>\n<tr style=\"height: 0px;\">\n<td style=\"height: 0px; width: 386.4px;\" colspan=\"2\"><strong><a href=\"http:\/\/www.kab-augsburg.org\" target=\"_blank\" rel=\"noopener noreferrer\">Katholische Arbeitnehmer-Bewegung (KAB) Di\u00f6zese Augsburg<\/a> (3)<br \/>\n<\/strong>Mitglied im Organisationsteam.<strong><br \/>\n<\/strong>Bewegung f\u00fcr soziale Gerechtigkeit und Nachhaltigkeit.<strong><br \/>\n<\/strong><\/td>\n<\/tr>\n<tr style=\"height: 0px;\">\n<td style=\"height: 0px; width: 0.0333333px;\"><\/td>\n<td style=\"height: 0px; width: 369.567px;\"><strong>Informationen:<br \/>\n<\/strong>&#8211; Flyer zum Thema<br \/>\n&#8211; Tipps zur Umsetzung<br \/>\n&#8211; Weiterbildungs Infos<br \/>\n&#8211; Wie fair ist mein Einkaufsverhalten? \u2013 Arbeitsbedingungen, Umwelt und Konsum in den Blick genommen.<strong><br \/>\n<\/strong><\/td>\n<\/tr>\n<tr style=\"height: 0px;\">\n<td style=\"height: 0px; width: 386.4px;\" colspan=\"2\"><strong><a href=\"https:\/\/www.frauenbund-mering.de\/kontakt\" target=\"_blank\" rel=\"noopener noreferrer\">Katholischer Deutscher Frauenbund (KDFB) Mering e.V.<\/a> (3)<br \/>\n<\/strong>Mitglied im Organisationsteam.<br \/>\nGesellschaftspolitisch, kirchlich und sozial engagiert, vertritt der Verband die Interessen von Frauen.<strong><br \/>\n<\/strong><\/td>\n<\/tr>\n<tr style=\"height: 0px;\">\n<td style=\"height: 0px; width: 0.0333333px;\"><\/td>\n<td style=\"height: 0px; width: 369.567px;\"><strong>Informationen: <\/strong>Info \u00fcber den Verband.<strong><br \/>\n<\/strong><\/td>\n<\/tr>\n<tr style=\"height: 0px;\">\n<td style=\"height: 0px; width: 386.4px;\" colspan=\"2\"><strong>Lenzbauers Hofladen, Steinach (31)<\/strong><br \/>\nRegionale und Bio-Lebensmittel.<\/td>\n<\/tr>\n<tr style=\"height: 0px;\">\n<td style=\"height: 0px; width: 0.0333333px;\"><\/td>\n<td style=\"width: 369.567px; height: 0px;\"><strong>Produkte: <\/strong>z.B. Brot, H\u00e4hnchen, Gem\u00fcse, Kaffee. Aus Eigenanbau kommen Gem\u00fcse und Spargel.<\/td>\n<\/tr>\n<tr style=\"height: 0px;\">\n<td style=\"height: 0px; width: 386.4px;\" colspan=\"2\"><strong><a href=\"https:\/\/www.lidls-hofprodukte.de\/\" target=\"_blank\" rel=\"noopener noreferrer\">Lidl Bauernhofeis, Baierberg (9)<br \/>\n<\/a><\/strong>Regionales Speiseeisangebot ohne k\u00fcnstlichen Aromen, Farbstoffe und Konservierungsmittel.<strong><br \/>\n<\/strong><\/td>\n<\/tr>\n<tr style=\"height: 0px;\">\n<td style=\"height: 0px; width: 0.0333333px;\"><\/td>\n<td style=\"height: 0px; width: 369.567px;\"><strong>Informationen: <\/strong>Flyer zum Produkt.<\/td>\n<\/tr>\n<tr style=\"height: 0px;\">\n<td style=\"height: 0px; width: 0.0333333px;\"><\/td>\n<td style=\"height: 0px; width: 369.567px;\"><strong>Produkte: <\/strong>Eisverkauf im Gastrobereich. Angeboten wird auch veganes Eis.<\/td>\n<\/tr>\n<tr style=\"height: 0px;\">\n<td style=\"height: 0px; width: 386.4px;\" colspan=\"2\"><a href=\"https:\/\/www.lifeguide-augsburg.de\/\" target=\"_blank\" rel=\"noopener noreferrer\"><strong>Lifeguide, Augsburg (18)<\/strong><\/a><br \/>\nNachhaltig leben in und um Augsburg.<\/td>\n<\/tr>\n<tr style=\"height: 0px;\">\n<td style=\"height: 0px; width: 0.0333333px;\"><\/td>\n<td style=\"width: 369.567px; height: 0px;\"><strong>Informationen:\u00a0 <\/strong>Infos zum Lifeguide Projekt.<strong><br \/>\n<\/strong><\/td>\n<\/tr>\n<tr style=\"height: 0px;\">\n<td style=\"height: 0px; width: 0.0333333px;\"><\/td>\n<td style=\"width: 369.567px; height: 0px;\"><strong>Aktionen:\u00a0\u00a0 <\/strong>\u00dcber ein Spiel k\u00f6nnen Sie ihre pers\u00f6nlichen Werte des \u00f6kologischen Fu\u00dfabdrucks ermitteln. Mit diesem Wissen k\u00f6nnen Sie sich weitere Schritte auf dem Weg zu mehr Nachhaltigkeit \u00fcberlegen.<strong><br \/>\n<\/strong><\/td>\n<\/tr>\n<tr style=\"height: 0px;\">\n<td style=\"width: 0.0333333px; height: 0px;\"><\/td>\n<td style=\"width: 369.567px; height: 0px;\"><strong>Produkte: <\/strong>Das Lifeguide Buch.<strong><br \/>\n<\/strong><\/td>\n<\/tr>\n<tr style=\"height: 0px;\">\n<td style=\"height: 0px; width: 386.4px;\" colspan=\"2\"><strong><a href=\"http:\/\/naturmuseum-koenigsbrunn.de\/\" target=\"_blank\" rel=\"noopener noreferrer\">Naturmuseum K\u00f6nigsbrunn (2)<\/a><br \/>\n<\/strong>Ein kleines aber feines Naturmuseum, das sich den Erhalt und die Pflege der Dr. Heinz Fischer Sammlungen zum Ziel gesetzt hat.<strong><br \/>\n<\/strong><\/td>\n<\/tr>\n<tr style=\"height: 0px;\">\n<td style=\"height: 0px; width: 0.0333333px;\"><\/td>\n<td style=\"height: 0px; width: 369.567px;\"><strong>Informationen:\u00a0<\/strong> Infos zur Natur im Lechfeld.<\/td>\n<\/tr>\n<tr style=\"height: 0px;\">\n<td style=\"height: 0px; width: 0.0333333px;\"><\/td>\n<td style=\"height: 0px; width: 369.567px;\"><strong>Aktionen:\u00a0<\/strong><br \/>\n&#8211; F\u00fchlk\u00e4sten f\u00fcr Kinder.<br \/>\n&#8211; Zweige von B\u00e4umen und Getreide erkennen.<br \/>\n&#8211; Quiz zu den Exponaten<\/td>\n<\/tr>\n<tr style=\"height: 0px;\">\n<td style=\"height: 0px; width: 0.0333333px;\"><\/td>\n<td style=\"height: 0px; width: 369.567px;\"><strong>Produkte:\u00a0<\/strong> Pr\u00e4parierte Tiere und Insekten.<\/td>\n<\/tr>\n<tr style=\"height: 0px;\">\n<td style=\"height: 0px; width: 386.4px;\" colspan=\"2\"><strong><a href=\"http:\/\/www.gartenbauverein-mering.de\/\" target=\"_blank\" rel=\"noopener noreferrer\">Obst &amp; Gartenbauverein Mering (32)<br \/>\n<\/a><\/strong>Meringer Traditionsverein f\u00fcr naturgem\u00e4\u00dfes G\u00e4rtnern und gesunde Ern\u00e4hrung<strong>.<br \/>\n<\/strong><\/td>\n<\/tr>\n<tr style=\"height: 0px;\">\n<td style=\"height: 0px; width: 0.0333333px;\"><\/td>\n<td style=\"height: 0px; width: 369.567px;\"><strong>Informationen: <\/strong>Merkbl\u00e4tter zu Pflanzgut, Pflanzenkrankheiten; Jahresprogramm.<\/td>\n<\/tr>\n<tr style=\"height: 0px;\">\n<td style=\"height: 0px; width: 0.0333333px;\"><\/td>\n<td style=\"height: 0px; width: 369.567px;\"><strong>Produkte: <\/strong>Infos zu naturnahem G\u00e4rtnern; Erfahrungsaustausch.<strong><br \/>\n<\/strong><\/td>\n<\/tr>\n<tr style=\"height: 0px;\">\n<td style=\"height: 10px; width: 386.4px;\" colspan=\"2\"><strong><a href=\"http:\/\/www.oeko-sozial-projekt.de\/\" target=\"_blank\" rel=\"noopener noreferrer\">\u00d6ko-Sozial-Projekt \/ Weitwinkel e.V., Augsburg<\/a> (6)<\/strong><br \/>\nSolidarische Lebensmittel \/ Bierkollektiv \/ Cafe Lupo<\/td>\n<\/tr>\n<tr style=\"height: 0px;\">\n<td style=\"height: 0px; width: 0.0333333px;\"><\/td>\n<td style=\"width: 369.567px; height: 0px;\"><strong>Informationen:\u00a0 <\/strong>Flyer zum Thema Solidarische Landwirtschaft und sonstigen Angeboten.<strong><br \/>\n<\/strong>Zum Thema &#8218;Cafe Lupo&#8216; siehe eigenen Eintrag oben.<\/td>\n<\/tr>\n<tr style=\"height: 0px;\">\n<td style=\"height: 10px; width: 386.4px;\" colspan=\"2\"><strong><a href=\"http:\/\/www.oedp-aichach-friedberg.de\/\" target=\"_blank\" rel=\"noopener noreferrer\">\u00d6kologisch Demokratische Partei (\u00d6DP)<\/a> (3)<\/strong><br \/>\nMensch vor Umwelt und Profit<\/td>\n<\/tr>\n<tr style=\"height: 0px;\">\n<td style=\"height: 0px; width: 0.0333333px;\"><\/td>\n<td style=\"width: 369.567px; height: 0px;\"><strong>Informationen:\u00a0\u00a0<\/strong> Der \u00d6DP hat als Initiatorin des Volksbegehrens \u201eArtenvielfalt \u2013 Rettet die Bienen\u201c gezeigt, dass die Demokratie von unten funktioniert. Es hat auch gezeigt, dass viel erreicht werden kann, wenn Parteien, Verb\u00e4nde und Privatleute sich zusammen organisieren und an einem Strang ziehen. Genau das ist unser Ziel im B\u00fcndnis Nachhaltiges Mering: Gemeinsam sind wir stark!<\/td>\n<\/tr>\n<tr style=\"height: 18px;\">\n<td style=\"width: 0.0333333px; height: 18px;\"><\/td>\n<td style=\"width: 369.567px; height: 18px;\"><strong>Aktivit\u00e4ten: <\/strong>Gl\u00fccksrad f\u00fcr Kinder<strong><br \/>\n<\/strong><\/td>\n<\/tr>\n<tr style=\"height: 0px;\">\n<td style=\"height: 0px; width: 386.4px;\" colspan=\"2\"><a href=\"https:\/\/www.schreinerei-naturburschen.de\/\" target=\"_blank\" rel=\"noopener noreferrer\"><strong>Schreinere Naturburschen (25)<\/strong><\/a><br \/>\nNachhaltige Massivholzm\u00f6bel, Accessoires und Holzspielzeug.<\/td>\n<\/tr>\n<tr style=\"height: 0px;\">\n<td style=\"height: 0px; width: 0.0333333px;\"><\/td>\n<td style=\"width: 369.567px; height: 0px;\"><strong>Produkte:<br \/>\n&#8211; <\/strong>Massivholzm\u00f6bel mit ge\u00f6lten und gewachsten Oberfl\u00e4chen<br \/>\n&#8211; Holzspielzeug<br \/>\n&#8211; Edelstahlbrotzeitboxen, Glasflaschen, Edelstahlflaschen<br \/>\n&#8211; Obstbeutel f\u00fcr eine plastikfreie Brotzeit etc.<br \/>\n&#8211; nachhaltig produzierte Wohnaccessoires + Geschenkartikel<\/td>\n<\/tr>\n<tr style=\"height: 0px;\">\n<td style=\"height: 0px; width: 386.4px;\" colspan=\"2\"><strong>SoLaWi\u00a0 Schlo\u00df Blumenthal (16)<br \/>\n<\/strong>Solidarische Landwirtschaft zum Mitmachen f\u00fcr alle. Wer sich finanziell beteiligt bekommt naturnah angebaute Lebensmittel geliefert.<strong><br \/>\n<\/strong><\/td>\n<\/tr>\n<tr style=\"height: 0px;\">\n<td style=\"height: 0px; width: 0.0333333px;\"><\/td>\n<td style=\"height: 0px; width: 369.567px;\"><strong>Informationen:\u00a0<\/strong><br \/>\n&#8211; Infos rund um die solidarische Landwirtschaft &amp; die Solawi Blumenthal im speziellen.<br \/>\n&#8211; Infos \u00fcber die nachhaltige Ausrichtung des Gemeinschaftsprojekts Blumenthal<\/td>\n<\/tr>\n<tr style=\"height: 0px;\">\n<td style=\"height: 0px; width: 0.0333333px;\"><\/td>\n<td style=\"height: 0px; width: 369.567px;\"><strong>Aktionen:\u00a0<\/strong> Bohnenquiz<\/td>\n<\/tr>\n<tr style=\"height: 0px;\">\n<td style=\"height: 0px; width: 0.0333333px;\"><\/td>\n<td style=\"height: 0px; width: 369.567px;\"><strong>Produkte:\u00a0<\/strong> M\u00f6glich ist Beteiligung an solidarischer Landwirtschaft. Dazu gibt es Informationen und Flyer.<\/td>\n<\/tr>\n<tr style=\"height: 0px;\">\n<td style=\"height: 10px; width: 386.4px;\" colspan=\"2\"><strong>Tierparlament e.V. (36)<\/strong><br \/>\nTierschutzverein.<\/td>\n<\/tr>\n<tr style=\"height: 0px;\">\n<td style=\"height: 0px; width: 0.0333333px;\"><\/td>\n<td style=\"width: 369.567px; height: 0px;\"><strong>Informationen:\u00a0<\/strong> Informationen zum Verein.<strong><br \/>\n<\/strong><\/td>\n<\/tr>\n<tr style=\"height: 0px;\">\n<td style=\"height: 0px; width: 0.0333333px;\"><\/td>\n<td style=\"width: 369.567px; height: 0px;\"><strong>Aktionen: <\/strong>Pr\u00e4sentation des Vereins: Kinder malen zum Thema Tierschutz.<strong><br \/>\n<\/strong><\/td>\n<\/tr>\n<tr style=\"height: 0px;\">\n<td style=\"height: 10px; width: 386.4px;\" colspan=\"2\"><strong>T\u00f6pferei Lipp, Mering (17)<\/strong><br \/>\nRegionale Keramikprodukte.<\/td>\n<\/tr>\n<tr style=\"height: 0px;\">\n<td style=\"height: 0px; width: 0.0333333px;\"><\/td>\n<td style=\"width: 369.567px; height: 0px;\"><strong>Produkte: <\/strong>Pr\u00e4sentation von Beispielen von Keramikprodukten.<strong><br \/>\n<\/strong><\/td>\n<\/tr>\n<tr style=\"height: 0px;\">\n<td style=\"height: 10px; width: 386.4px;\" colspan=\"2\"><strong>Vereinigung \u00f6kologische Land- und Ern\u00e4hrungswirtschaft im Landkreis AIC-FDB (28)<br \/>\n<\/strong>Sprachrohr und F\u00f6rderer der \u201a\u00d6komodellregion Paartal\u2018<\/td>\n<\/tr>\n<tr style=\"height: 0px;\">\n<td style=\"height: 0px; width: 0.0333333px;\"><\/td>\n<td style=\"width: 369.567px; height: 0px;\"><strong>Informationen:\u00a0<\/strong> Informationen zur Vereinigung\u00a0 &#8218;Arbeitsgemeinschaft b\u00e4uerliche Landwirtschaft (AbL)&#8216; sowie zur &#8218;\u00d6komodellregion Paartal&#8216;.<strong><br \/>\n<\/strong><\/td>\n<\/tr>\n<\/tbody>\n<\/table>\n<p>Weitere Informationen:<\/p>\n<ul>\n<li><a href=\"https:\/\/mering.info\/?p=2563\">Allgemeine Informationen zum Fest<\/a>.<\/li>\n<li><a href=\"https:\/\/mering.info\/?p=2569\">Unser Programm finden Sie hier<\/a>.<\/li>\n<li><a href=\"https:\/\/mering.info\/?p=2572\">Informationen zur Anfahrt finden Sie hier<\/a>.<\/li>\n<\/ul>\n","protected":false},"excerpt":{"rendered":"<p>Auf dem Veranstaltungsgel\u00e4nde des ZukunftsMarkts Mering 2019 finden Sie\u00a0 Anbieter (alphabetische Reihenfolge) mit Informationen, Aktionen und Produkten. Die Lage des jeweiligen Anbieters im Lippgarten k\u00f6nnen Sie der \u00dcbersichtskarte entnehmen: Bildung &hellip; <a href=\"https:\/\/mering.info\/?page_id=2582\" class=\"more-link\"><span class=\"screen-reader-text\">Anbieter<\/span> weiterlesen <span class=\"meta-nav\">&rarr;<\/span><\/a><\/p>\n","protected":false},"author":2,"featured_media":0,"parent":0,"menu_order":0,"comment_status":"closed","ping_status":"closed","template":"","meta":{"jetpack_post_was_ever_published":false,"footnotes":""},"class_list":["post-2582","page","type-page","status-publish","hentry"],"yoast_head":"<!-- This site is optimized with the Yoast SEO plugin v27.5 - https:\/\/yoast.com\/product\/yoast-seo-wordpress\/ -->\n<title>Anbieter - Nachhaltiges Mering<\/title>\n<meta name=\"robots\" content=\"index, follow, max-snippet:-1, max-image-preview:large, max-video-preview:-1\" \/>\n<link rel=\"canonical\" href=\"https:\/\/mering.info\/?page_id=2582\" \/>\n<meta property=\"og:locale\" content=\"de_DE\" \/>\n<meta property=\"og:type\" content=\"article\" \/>\n<meta property=\"og:title\" content=\"Anbieter - Nachhaltiges Mering\" \/>\n<meta property=\"og:description\" content=\"Auf dem Veranstaltungsgel\u00e4nde des ZukunftsMarkts Mering 2019 finden Sie\u00a0 Anbieter (alphabetische Reihenfolge) mit Informationen, Aktionen und Produkten. Die Lage des jeweiligen Anbieters im Lippgarten k\u00f6nnen Sie der \u00dcbersichtskarte entnehmen: Bildung &hellip; Anbieter weiterlesen &rarr;\" \/>\n<meta property=\"og:url\" content=\"https:\/\/mering.info\/?page_id=2582\" \/>\n<meta property=\"og:site_name\" content=\"Nachhaltiges Mering\" \/>\n<meta property=\"article:modified_time\" content=\"2023-01-28T21:39:26+00:00\" \/>\n<meta property=\"og:image\" content=\"http:\/\/mering.info\/wp-content\/uploads\/2019\/04\/Lippgarten-2019.jpg\" \/>\n<meta name=\"twitter:card\" content=\"summary_large_image\" \/>\n<meta name=\"twitter:label1\" content=\"Gesch\u00e4tzte Lesezeit\" \/>\n\t<meta name=\"twitter:data1\" content=\"9\u00a0Minuten\" \/>\n<script type=\"application\/ld+json\" class=\"yoast-schema-graph\">{\"@context\":\"https:\\\/\\\/schema.org\",\"@graph\":[{\"@type\":\"WebPage\",\"@id\":\"https:\\\/\\\/mering.info\\\/?page_id=2582\",\"url\":\"https:\\\/\\\/mering.info\\\/?page_id=2582\",\"name\":\"Anbieter - Nachhaltiges Mering\",\"isPartOf\":{\"@id\":\"https:\\\/\\\/mering.info\\\/#website\"},\"primaryImageOfPage\":{\"@id\":\"https:\\\/\\\/mering.info\\\/?page_id=2582#primaryimage\"},\"image\":{\"@id\":\"https:\\\/\\\/mering.info\\\/?page_id=2582#primaryimage\"},\"thumbnailUrl\":\"http:\\\/\\\/mering.info\\\/wp-content\\\/uploads\\\/2019\\\/04\\\/Lippgarten-2019.jpg\",\"datePublished\":\"2019-03-05T17:14:24+00:00\",\"dateModified\":\"2023-01-28T21:39:26+00:00\",\"breadcrumb\":{\"@id\":\"https:\\\/\\\/mering.info\\\/?page_id=2582#breadcrumb\"},\"inLanguage\":\"de\",\"potentialAction\":[{\"@type\":\"ReadAction\",\"target\":[\"https:\\\/\\\/mering.info\\\/?page_id=2582\"]}]},{\"@type\":\"ImageObject\",\"inLanguage\":\"de\",\"@id\":\"https:\\\/\\\/mering.info\\\/?page_id=2582#primaryimage\",\"url\":\"http:\\\/\\\/mering.info\\\/wp-content\\\/uploads\\\/2019\\\/04\\\/Lippgarten-2019.jpg\",\"contentUrl\":\"http:\\\/\\\/mering.info\\\/wp-content\\\/uploads\\\/2019\\\/04\\\/Lippgarten-2019.jpg\"},{\"@type\":\"BreadcrumbList\",\"@id\":\"https:\\\/\\\/mering.info\\\/?page_id=2582#breadcrumb\",\"itemListElement\":[{\"@type\":\"ListItem\",\"position\":1,\"name\":\"Startseite\",\"item\":\"https:\\\/\\\/mering.info\\\/\"},{\"@type\":\"ListItem\",\"position\":2,\"name\":\"Anbieter\"}]},{\"@type\":\"WebSite\",\"@id\":\"https:\\\/\\\/mering.info\\\/#website\",\"url\":\"https:\\\/\\\/mering.info\\\/\",\"name\":\"Nachhaltiges Mering\",\"description\":\"Zukunftsf\u00e4higes Mering\",\"potentialAction\":[{\"@type\":\"SearchAction\",\"target\":{\"@type\":\"EntryPoint\",\"urlTemplate\":\"https:\\\/\\\/mering.info\\\/?s={search_term_string}\"},\"query-input\":{\"@type\":\"PropertyValueSpecification\",\"valueRequired\":true,\"valueName\":\"search_term_string\"}}],\"inLanguage\":\"de\"}]}<\/script>\n<!-- \/ Yoast SEO plugin. -->","yoast_head_json":{"title":"Anbieter - Nachhaltiges Mering","robots":{"index":"index","follow":"follow","max-snippet":"max-snippet:-1","max-image-preview":"max-image-preview:large","max-video-preview":"max-video-preview:-1"},"canonical":"https:\/\/mering.info\/?page_id=2582","og_locale":"de_DE","og_type":"article","og_title":"Anbieter - Nachhaltiges Mering","og_description":"Auf dem Veranstaltungsgel\u00e4nde des ZukunftsMarkts Mering 2019 finden Sie\u00a0 Anbieter (alphabetische Reihenfolge) mit Informationen, Aktionen und Produkten. Die Lage des jeweiligen Anbieters im Lippgarten k\u00f6nnen Sie der \u00dcbersichtskarte entnehmen: Bildung &hellip; Anbieter weiterlesen &rarr;","og_url":"https:\/\/mering.info\/?page_id=2582","og_site_name":"Nachhaltiges Mering","article_modified_time":"2023-01-28T21:39:26+00:00","og_image":[{"url":"http:\/\/mering.info\/wp-content\/uploads\/2019\/04\/Lippgarten-2019.jpg","type":"","width":"","height":""}],"twitter_card":"summary_large_image","twitter_misc":{"Gesch\u00e4tzte Lesezeit":"9\u00a0Minuten"},"schema":{"@context":"https:\/\/schema.org","@graph":[{"@type":"WebPage","@id":"https:\/\/mering.info\/?page_id=2582","url":"https:\/\/mering.info\/?page_id=2582","name":"Anbieter - Nachhaltiges Mering","isPartOf":{"@id":"https:\/\/mering.info\/#website"},"primaryImageOfPage":{"@id":"https:\/\/mering.info\/?page_id=2582#primaryimage"},"image":{"@id":"https:\/\/mering.info\/?page_id=2582#primaryimage"},"thumbnailUrl":"http:\/\/mering.info\/wp-content\/uploads\/2019\/04\/Lippgarten-2019.jpg","datePublished":"2019-03-05T17:14:24+00:00","dateModified":"2023-01-28T21:39:26+00:00","breadcrumb":{"@id":"https:\/\/mering.info\/?page_id=2582#breadcrumb"},"inLanguage":"de","potentialAction":[{"@type":"ReadAction","target":["https:\/\/mering.info\/?page_id=2582"]}]},{"@type":"ImageObject","inLanguage":"de","@id":"https:\/\/mering.info\/?page_id=2582#primaryimage","url":"http:\/\/mering.info\/wp-content\/uploads\/2019\/04\/Lippgarten-2019.jpg","contentUrl":"http:\/\/mering.info\/wp-content\/uploads\/2019\/04\/Lippgarten-2019.jpg"},{"@type":"BreadcrumbList","@id":"https:\/\/mering.info\/?page_id=2582#breadcrumb","itemListElement":[{"@type":"ListItem","position":1,"name":"Startseite","item":"https:\/\/mering.info\/"},{"@type":"ListItem","position":2,"name":"Anbieter"}]},{"@type":"WebSite","@id":"https:\/\/mering.info\/#website","url":"https:\/\/mering.info\/","name":"Nachhaltiges Mering","description":"Zukunftsf\u00e4higes Mering","potentialAction":[{"@type":"SearchAction","target":{"@type":"EntryPoint","urlTemplate":"https:\/\/mering.info\/?s={search_term_string}"},"query-input":{"@type":"PropertyValueSpecification","valueRequired":true,"valueName":"search_term_string"}}],"inLanguage":"de"}]}},"jetpack_sharing_enabled":true,"_links":{"self":[{"href":"https:\/\/mering.info\/index.php?rest_route=\/wp\/v2\/pages\/2582","targetHints":{"allow":["GET"]}}],"collection":[{"href":"https:\/\/mering.info\/index.php?rest_route=\/wp\/v2\/pages"}],"about":[{"href":"https:\/\/mering.info\/index.php?rest_route=\/wp\/v2\/types\/page"}],"author":[{"embeddable":true,"href":"https:\/\/mering.info\/index.php?rest_route=\/wp\/v2\/users\/2"}],"replies":[{"embeddable":true,"href":"https:\/\/mering.info\/index.php?rest_route=%2Fwp%2Fv2%2Fcomments&post=2582"}],"version-history":[{"count":52,"href":"https:\/\/mering.info\/index.php?rest_route=\/wp\/v2\/pages\/2582\/revisions"}],"predecessor-version":[{"id":5263,"href":"https:\/\/mering.info\/index.php?rest_route=\/wp\/v2\/pages\/2582\/revisions\/5263"}],"wp:attachment":[{"href":"https:\/\/mering.info\/index.php?rest_route=%2Fwp%2Fv2%2Fmedia&parent=2582"}],"curies":[{"name":"wp","href":"https:\/\/api.w.org\/{rel}","templated":true}]}}