{"id":2588,"date":"2019-03-05T18:30:57","date_gmt":"2019-03-05T17:30:57","guid":{"rendered":"http:\/\/mering.info\/?page_id=2588"},"modified":"2019-10-11T18:44:21","modified_gmt":"2019-10-11T16:44:21","slug":"kulturprogramm-2","status":"publish","type":"page","link":"https:\/\/mering.info\/?page_id=2588","title":{"rendered":"Kulturprogramm"},"content":{"rendered":"<p>Hier finden Sie den zeitlichen Ablauf des Kulturprogramms des ZukunftsMarkts Mering 2019.<\/p>\n<p>Wir bieten wieder einige Musikbeitr\u00e4ge, viel Information durch Kurzvortr\u00e4ge sowie Tanz.<\/p>\n<p>Durch das Programm f\u00fchrt <strong>Werner Bader<\/strong>, bekannt vom Bayerischen Rundfunk.<\/p>\n<table style=\"height: 956px;\">\n<thead>\n<tr style=\"height: 18px;\">\n<th style=\"width: 49.3667px; height: 18px;\">Zeit<\/th>\n<th style=\"width: 283.75px; height: 18px;\">Thema<\/th>\n<th style=\"width: 89.6833px; height: 18px;\">Ort<\/th>\n<\/tr>\n<\/thead>\n<tbody>\n<tr style=\"height: 54px;\">\n<td style=\"width: 49.3667px; height: 36px;\">10:30<\/td>\n<td style=\"width: 283.75px; height: 36px;\"><strong>Gottesdienst<br \/>\n<\/strong>zum Thema Sch\u00f6pfung \u201eDie Sorge f\u00fcr das gemeinsame Haus\u201c (Predigt: KAB-Di\u00f6zesanpr\u00e4eses Diakon Georg Steinmetz)<\/td>\n<td style=\"width: 89.6833px; height: 36px;\">St. Michael<\/td>\n<\/tr>\n<tr style=\"height: 36px;\">\n<td style=\"width: 49.3667px; height: 36px;\">11:30<\/td>\n<td style=\"width: 283.75px; height: 36px;\"><strong>Einlass zum ZukunftsMarkt<\/strong><\/td>\n<td style=\"width: 89.6833px; height: 36px;\">\u00a0Eingang Lippgarten<\/td>\n<\/tr>\n<tr style=\"height: 36px;\">\n<td style=\"width: 49.3667px; height: 36px;\">12:00<\/td>\n<td style=\"width: 283.75px; height: 36px;\"><strong>Beginn des Festes<br \/>\n<\/strong><\/td>\n<td style=\"width: 89.6833px; height: 36px;\">\u00a0Eingang Lippgarten<\/td>\n<\/tr>\n<tr style=\"height: 36px;\">\n<td style=\"width: 49.3667px; height: 36px;\">12:30<\/td>\n<td style=\"width: 283.75px; height: 36px;\"><strong>Begr\u00fc\u00dfung<\/strong> durch Michael Dudella und Rudi Kaiserswerth<\/td>\n<td style=\"width: 89.6833px; height: 36px;\">B\u00fchne<\/td>\n<\/tr>\n<tr style=\"height: 36px;\">\n<td style=\"width: 49.3667px; height: 36px;\">12:40<\/td>\n<td style=\"width: 283.75px; height: 36px;\">Musikbeitrag:<strong> Malaika<br \/>\n<\/strong>Singt eigene Songs im klassischen Singer-Songwriter-Pop Stil. Musik ist ihre gr\u00f6\u00dfte Leidenschaft, ein Weg, den sie auch beruflich gehen will.<\/td>\n<td style=\"width: 89.6833px; height: 36px;\">\u00a0B\u00fchne<\/td>\n<\/tr>\n<tr style=\"height: 36px;\">\n<td style=\"width: 49.3667px; height: 36px;\">13:10<\/td>\n<td style=\"width: 283.75px; height: 36px;\">Kurzvortrag: <strong>Projekt an der Grundschule Kissing<\/strong> (Kindervortrag)<\/td>\n<td style=\"width: 89.6833px; height: 36px;\">\u00a0B\u00fchne<\/td>\n<\/tr>\n<tr style=\"height: 0px;\">\n<td style=\"width: 49.3667px; height: 10px;\">13:20<\/td>\n<td style=\"width: 283.75px; height: 10px;\">Kurzvortrag: <strong>Erkl\u00e4rung der Kunstwerke<\/strong> (Anneliese Hirschvogel)<\/td>\n<td style=\"width: 89.6833px; height: 10px;\">\u00a0B\u00fchne<\/td>\n<\/tr>\n<tr style=\"height: 18px;\">\n<td style=\"width: 49.3667px; height: 18px;\">13:30<\/td>\n<td style=\"width: 283.75px; height: 18px;\">Kurzvortrag: <strong>Fridays for Future<\/strong> (ein Aktivist)<\/td>\n<td style=\"width: 89.6833px; height: 18px;\">B\u00fchne<\/td>\n<\/tr>\n<tr style=\"height: 72px;\">\n<td style=\"width: 49.3667px; height: 72px;\">14:10<\/td>\n<td style=\"width: 283.75px; height: 72px;\">Musikbeitrag: <strong>Ticket To Ride<\/strong><br \/>\nDrei Stimmen und zwei Gitarren dieser lokalen Band pr\u00e4sentieren die Musik der Beatles Live.<\/td>\n<td style=\"width: 89.6833px; height: 72px;\">B\u00fchne<\/td>\n<\/tr>\n<tr style=\"height: 36px;\">\n<td style=\"width: 49.3667px; height: 36px;\">14:45<\/td>\n<td style=\"width: 283.75px; height: 36px;\">Kurzvortrag: <strong>Umweltschutz f\u00fcr die Welt von morgen<\/strong> (Kindervortrag)<\/td>\n<td style=\"width: 89.6833px; height: 36px;\">B\u00fchne<\/td>\n<\/tr>\n<tr style=\"height: 36px;\">\n<td style=\"width: 49.3667px; height: 36px;\">14:55<\/td>\n<td style=\"width: 283.75px; height: 36px;\">Kurzvortrag: <strong>Die \u00d6komodellregion Paartal<\/strong> (Stephan Kreppold)<\/td>\n<td style=\"width: 89.6833px; height: 36px;\">B\u00fchne<\/td>\n<\/tr>\n<tr style=\"height: 36px;\">\n<td style=\"width: 49.3667px; height: 36px;\">15:05<\/td>\n<td style=\"width: 283.75px; height: 36px;\">Kurzvortrag: <strong>Nachhaltige Modenschau<\/strong> (Gisela Listl)<\/td>\n<td style=\"width: 89.6833px; height: 36px;\">B\u00fchne<\/td>\n<\/tr>\n<tr style=\"height: 252px;\">\n<td style=\"width: 49.3667px; height: 252px;\">15:45<\/td>\n<td style=\"width: 283.75px; height: 252px;\">Musikbeitrag:\u00a0 <strong>Band M3<br \/>\n<\/strong>Drei Freunde &#8211; zwei Ukulelen &#8211; eine Stimme. Das k\u00fcrzlich gegr\u00fcndete Trio M3, bestehend aus Martin, Michael und Miriam, interpretiert bekannte Lieder als Akustikversion mit zwei Ukulelen. Das instrumentale Arrangement von Martin und Michael an der Ukulele wird gesanglich von Miriam begleitet. Um weitere musikalische Facetten und klangliche Tiefe zu erhalten, wird bei einigen Liedern das Ukulelenspiel mit der Gitarre unterst\u00fctzt. Lassen Sie sich beim Auftritt am Zukunftsmarkt in Mering von den Kl\u00e4ngen der Band M3 verzaubern.<\/td>\n<td style=\"width: 89.6833px; height: 252px;\">B\u00fchne<\/td>\n<\/tr>\n<tr style=\"height: 18px;\">\n<td style=\"width: 49.3667px; height: 10px;\">16:20<\/td>\n<td style=\"width: 283.75px; height: 10px;\">Kurzvortrag:\u00a0 <b>Mikroplastik- Gefahr aus dem Haushalt?!<\/b> (Leonie und Zoe Prillwitz)<\/td>\n<td style=\"width: 89.6833px; height: 10px;\">B\u00fchne<\/td>\n<\/tr>\n<tr style=\"height: 36px;\">\n<td style=\"width: 49.3667px; height: 36px;\">16:30<\/td>\n<td style=\"width: 283.75px; height: 36px;\">Kurzvortrag: <strong>Wittelsbacher Land bl\u00fcht und summt <\/strong>(Manuela Riepold)<\/td>\n<td style=\"width: 89.6833px; height: 36px;\">B\u00fchne<\/td>\n<\/tr>\n<tr style=\"height: 18px;\">\n<td style=\"width: 49.3667px; height: 18px;\">16:40<\/td>\n<td style=\"width: 283.75px; height: 18px;\">Kurzvortrag: <strong>Fridays for Future<\/strong> (ein Aktivist)<\/td>\n<td style=\"width: 89.6833px; height: 18px;\">B\u00fchne<\/td>\n<\/tr>\n<tr style=\"height: 18px;\">\n<td style=\"width: 49.3667px; height: 18px;\">17:00<\/td>\n<td style=\"width: 283.75px; height: 18px;\"><strong>\u00a0Verabschiedung <\/strong><\/td>\n<td style=\"width: 89.6833px; height: 18px;\">B\u00fchne<\/td>\n<\/tr>\n<tr style=\"height: 162px;\">\n<td style=\"width: 49.3667px; height: 162px;\">17:10<\/td>\n<td style=\"width: 283.75px; height: 162px;\">Drum Show:<strong> Pica-Pau<br \/>\n<\/strong>Pica-Pau ist eine energiegeladene Percussion- und Showband aus Augsburg. Bis zu 25\u00a0Trommler spielen die treibenden Rhythmen des Samba-Batucada und Samba Reggae und vor allem auch immer mehr moderne Eigenkompositionen auf unz\u00e4hligen B\u00fchnen im In- und Ausland.Mehr Info unter: <a href=\"http:\/\/www.pica-pau.com\" target=\"_blank\" rel=\"noopener noreferrer\">www.pica-pau.com<\/a><\/td>\n<td style=\"width: 89.6833px; height: 162px;\">Vor der B\u00fchne<\/td>\n<\/tr>\n<tr style=\"height: 18px;\">\n<td style=\"width: 49.3667px; height: 18px;\">18:00<\/td>\n<td style=\"width: 283.75px; height: 18px;\"><strong>Ende des Festes \/ des ZukunftsMarktes<\/strong><\/td>\n<td style=\"width: 89.6833px; height: 18px;\"><\/td>\n<\/tr>\n<\/tbody>\n<\/table>\n<p>Alle Zeitangaben sind \u2018ca.\u2019-Angaben.<\/p>\n<p>Weitere Informationen:<\/p>\n<ul>\n<li><a href=\"https:\/\/mering.info\/?p=2563\">Allgemeine Informationen zum Fest<\/a>.<\/li>\n<li><a href=\"https:\/\/mering.info\/?p=2569\">Unser Programm finden Sie hier<\/a>.<\/li>\n<li><a href=\"https:\/\/mering.info\/?p=2572\">Informationen zur Anfahrt finden Sie hier<\/a>.<\/li>\n<\/ul>\n","protected":false},"excerpt":{"rendered":"<p>Hier finden Sie den zeitlichen Ablauf des Kulturprogramms des ZukunftsMarkts Mering 2019. Wir bieten wieder einige Musikbeitr\u00e4ge, viel Information durch Kurzvortr\u00e4ge sowie Tanz. Durch das Programm f\u00fchrt Werner Bader, bekannt &hellip; <a href=\"https:\/\/mering.info\/?page_id=2588\" class=\"more-link\"><span class=\"screen-reader-text\">Kulturprogramm<\/span> weiterlesen <span class=\"meta-nav\">&rarr;<\/span><\/a><\/p>\n","protected":false},"author":2,"featured_media":0,"parent":0,"menu_order":0,"comment_status":"closed","ping_status":"closed","template":"","meta":{"jetpack_post_was_ever_published":false,"footnotes":""},"class_list":["post-2588","page","type-page","status-publish","hentry"],"yoast_head":"<!-- This site is optimized with the Yoast SEO plugin v27.5 - https:\/\/yoast.com\/product\/yoast-seo-wordpress\/ -->\n<title>Kulturprogramm - Nachhaltiges Mering<\/title>\n<meta name=\"robots\" content=\"index, follow, max-snippet:-1, max-image-preview:large, max-video-preview:-1\" \/>\n<link rel=\"canonical\" href=\"https:\/\/mering.info\/?page_id=2588\" \/>\n<meta property=\"og:locale\" content=\"de_DE\" \/>\n<meta property=\"og:type\" content=\"article\" \/>\n<meta property=\"og:title\" content=\"Kulturprogramm - Nachhaltiges Mering\" \/>\n<meta property=\"og:description\" content=\"Hier finden Sie den zeitlichen Ablauf des Kulturprogramms des ZukunftsMarkts Mering 2019. Wir bieten wieder einige Musikbeitr\u00e4ge, viel Information durch Kurzvortr\u00e4ge sowie Tanz. Durch das Programm f\u00fchrt Werner Bader, bekannt &hellip; Kulturprogramm weiterlesen &rarr;\" \/>\n<meta property=\"og:url\" content=\"https:\/\/mering.info\/?page_id=2588\" \/>\n<meta property=\"og:site_name\" content=\"Nachhaltiges Mering\" \/>\n<meta property=\"article:modified_time\" content=\"2019-10-11T16:44:21+00:00\" \/>\n<meta name=\"twitter:card\" content=\"summary_large_image\" \/>\n<meta name=\"twitter:label1\" content=\"Gesch\u00e4tzte Lesezeit\" \/>\n\t<meta name=\"twitter:data1\" content=\"2\u00a0Minuten\" \/>\n<script type=\"application\/ld+json\" class=\"yoast-schema-graph\">{\"@context\":\"https:\\\/\\\/schema.org\",\"@graph\":[{\"@type\":\"WebPage\",\"@id\":\"https:\\\/\\\/mering.info\\\/?page_id=2588\",\"url\":\"https:\\\/\\\/mering.info\\\/?page_id=2588\",\"name\":\"Kulturprogramm - Nachhaltiges Mering\",\"isPartOf\":{\"@id\":\"https:\\\/\\\/mering.info\\\/#website\"},\"datePublished\":\"2019-03-05T17:30:57+00:00\",\"dateModified\":\"2019-10-11T16:44:21+00:00\",\"breadcrumb\":{\"@id\":\"https:\\\/\\\/mering.info\\\/?page_id=2588#breadcrumb\"},\"inLanguage\":\"de\",\"potentialAction\":[{\"@type\":\"ReadAction\",\"target\":[\"https:\\\/\\\/mering.info\\\/?page_id=2588\"]}]},{\"@type\":\"BreadcrumbList\",\"@id\":\"https:\\\/\\\/mering.info\\\/?page_id=2588#breadcrumb\",\"itemListElement\":[{\"@type\":\"ListItem\",\"position\":1,\"name\":\"Startseite\",\"item\":\"https:\\\/\\\/mering.info\\\/\"},{\"@type\":\"ListItem\",\"position\":2,\"name\":\"Kulturprogramm\"}]},{\"@type\":\"WebSite\",\"@id\":\"https:\\\/\\\/mering.info\\\/#website\",\"url\":\"https:\\\/\\\/mering.info\\\/\",\"name\":\"Nachhaltiges Mering\",\"description\":\"Zukunftsf\u00e4higes Mering\",\"potentialAction\":[{\"@type\":\"SearchAction\",\"target\":{\"@type\":\"EntryPoint\",\"urlTemplate\":\"https:\\\/\\\/mering.info\\\/?s={search_term_string}\"},\"query-input\":{\"@type\":\"PropertyValueSpecification\",\"valueRequired\":true,\"valueName\":\"search_term_string\"}}],\"inLanguage\":\"de\"}]}<\/script>\n<!-- \/ Yoast SEO plugin. -->","yoast_head_json":{"title":"Kulturprogramm - Nachhaltiges Mering","robots":{"index":"index","follow":"follow","max-snippet":"max-snippet:-1","max-image-preview":"max-image-preview:large","max-video-preview":"max-video-preview:-1"},"canonical":"https:\/\/mering.info\/?page_id=2588","og_locale":"de_DE","og_type":"article","og_title":"Kulturprogramm - Nachhaltiges Mering","og_description":"Hier finden Sie den zeitlichen Ablauf des Kulturprogramms des ZukunftsMarkts Mering 2019. Wir bieten wieder einige Musikbeitr\u00e4ge, viel Information durch Kurzvortr\u00e4ge sowie Tanz. Durch das Programm f\u00fchrt Werner Bader, bekannt &hellip; Kulturprogramm weiterlesen &rarr;","og_url":"https:\/\/mering.info\/?page_id=2588","og_site_name":"Nachhaltiges Mering","article_modified_time":"2019-10-11T16:44:21+00:00","twitter_card":"summary_large_image","twitter_misc":{"Gesch\u00e4tzte Lesezeit":"2\u00a0Minuten"},"schema":{"@context":"https:\/\/schema.org","@graph":[{"@type":"WebPage","@id":"https:\/\/mering.info\/?page_id=2588","url":"https:\/\/mering.info\/?page_id=2588","name":"Kulturprogramm - Nachhaltiges Mering","isPartOf":{"@id":"https:\/\/mering.info\/#website"},"datePublished":"2019-03-05T17:30:57+00:00","dateModified":"2019-10-11T16:44:21+00:00","breadcrumb":{"@id":"https:\/\/mering.info\/?page_id=2588#breadcrumb"},"inLanguage":"de","potentialAction":[{"@type":"ReadAction","target":["https:\/\/mering.info\/?page_id=2588"]}]},{"@type":"BreadcrumbList","@id":"https:\/\/mering.info\/?page_id=2588#breadcrumb","itemListElement":[{"@type":"ListItem","position":1,"name":"Startseite","item":"https:\/\/mering.info\/"},{"@type":"ListItem","position":2,"name":"Kulturprogramm"}]},{"@type":"WebSite","@id":"https:\/\/mering.info\/#website","url":"https:\/\/mering.info\/","name":"Nachhaltiges Mering","description":"Zukunftsf\u00e4higes Mering","potentialAction":[{"@type":"SearchAction","target":{"@type":"EntryPoint","urlTemplate":"https:\/\/mering.info\/?s={search_term_string}"},"query-input":{"@type":"PropertyValueSpecification","valueRequired":true,"valueName":"search_term_string"}}],"inLanguage":"de"}]}},"jetpack_sharing_enabled":true,"_links":{"self":[{"href":"https:\/\/mering.info\/index.php?rest_route=\/wp\/v2\/pages\/2588","targetHints":{"allow":["GET"]}}],"collection":[{"href":"https:\/\/mering.info\/index.php?rest_route=\/wp\/v2\/pages"}],"about":[{"href":"https:\/\/mering.info\/index.php?rest_route=\/wp\/v2\/types\/page"}],"author":[{"embeddable":true,"href":"https:\/\/mering.info\/index.php?rest_route=\/wp\/v2\/users\/2"}],"replies":[{"embeddable":true,"href":"https:\/\/mering.info\/index.php?rest_route=%2Fwp%2Fv2%2Fcomments&post=2588"}],"version-history":[{"count":15,"href":"https:\/\/mering.info\/index.php?rest_route=\/wp\/v2\/pages\/2588\/revisions"}],"predecessor-version":[{"id":2964,"href":"https:\/\/mering.info\/index.php?rest_route=\/wp\/v2\/pages\/2588\/revisions\/2964"}],"wp:attachment":[{"href":"https:\/\/mering.info\/index.php?rest_route=%2Fwp%2Fv2%2Fmedia&parent=2588"}],"curies":[{"name":"wp","href":"https:\/\/api.w.org\/{rel}","templated":true}]}}