{"id":332,"date":"2016-05-23T23:37:43","date_gmt":"2016-05-23T21:37:43","guid":{"rendered":"http:\/\/mering.info\/?page_id=332"},"modified":"2025-01-26T22:58:47","modified_gmt":"2025-01-26T21:58:47","slug":"unser-programm","status":"publish","type":"page","link":"https:\/\/mering.info\/?page_id=332","title":{"rendered":"Kulturprogramm 2016"},"content":{"rendered":"<p>Hier finden Sie den zeitlichen Ablauf des Kulturprogramms des ZukunftsMarkts Mering 2016.<\/p>\n<p>Wir bieten einige Musikbeitr\u00e4ge, viel Information durch Kurzvortr\u00e4ge sowie zwei Filmangebote.<\/p>\n<p>Durch das Programm f\u00fchrt <strong>Werner Bader<\/strong>.<\/p>\n<table>\n<thead>\n<tr style=\"background-color: #b0b0b0;\">\n<th style=\"border-color: #000000;\">Zeit<\/th>\n<th style=\"border-color: #000000;\">Thema<\/th>\n<th style=\"border-color: #000000;\">Ort<\/th>\n<\/tr>\n<\/thead>\n<tbody>\n<tr>\n<td style=\"border-color: #000000;\">10:30<\/td>\n<td style=\"border-color: #000000;\"><strong>Katholischer Gottesdienst<\/strong> zum Thema<br \/>\n\u201eSch\u00f6pfung\u201c in St. Michael.Der Meringer Pfarrer Prof. Dr. Thomas Schwartz zelebriert den Gottesdienst, KAB-Di\u00f6zesanpr\u00e4ses Diakon Erwin Helmer h\u00e4lt die Predigt. Verraten kann man bereits, dass er in seinen sicherlich ansprechenden Ausf\u00fchrungen auf die Enzyklika &#8222;Laudato si&#8220; eingehen wird. Die Texte zum Gottesdienst haben Mitglieder des Vorbereitungsteams zum ZukunftsMarkt Mering herausgesucht, die auch bei der Gestaltung mit einbezogen sind.<\/td>\n<td style=\"border-color: #000000;\">St. Michael<\/td>\n<\/tr>\n<tr>\n<td style=\"border-color: #000000;\">12:00<\/td>\n<td style=\"border-color: #000000;\"><strong>Beginn des Festes \/ Einlass zum ZukunftsMarkt<\/strong><\/td>\n<td style=\"border-color: #000000;\">\u00a0Eingang Lippgarten<\/td>\n<\/tr>\n<tr>\n<td style=\"border-color: #000000;\">\u00a012:15<\/td>\n<td style=\"border-color: #000000;\">Musikbeitrag:<strong> Patrizia Fleig und Aras Mustafa.<\/strong><br \/>\nKurz nach seiner Ankunft in Mering bekam Aras eine Gitarre geschenkt.Mit dieser hat ihn jemand zu Patricia geschickt, weil die ja auch gerne Musik macht.So haben sich die beiden kennengelernt und machen die sch\u00f6ne Erfahrung, dass man sich gut unterhalten kann, auch wenn man verschiedene Sprachen spricht.Wir h\u00f6ren irische Musik und kurdische Musik aus der Heimat von Aras.<\/td>\n<td style=\"border-color: #000000;\">\u00a0B\u00fchne<\/td>\n<\/tr>\n<tr>\n<td style=\"border-color: #000000;\">12:20<\/td>\n<td style=\"border-color: #000000;\"><strong>Begr\u00fc\u00dfung<\/strong> durch Michael Dudella und Rudi Kaiserswerth<\/td>\n<td style=\"border-color: #000000;\">B\u00fchne<\/td>\n<\/tr>\n<tr>\n<td style=\"border-color: #000000;\">12:30<\/td>\n<td style=\"border-color: #000000;\">Kurzvortrag: <strong>Vorstellung der Energiegenossenschaft Lechrain<\/strong> (Klaus Becker)<\/td>\n<td style=\"border-color: #000000;\">B\u00fchne<\/td>\n<\/tr>\n<tr>\n<td style=\"border-color: #000000;\">12:40<\/td>\n<td style=\"border-color: #000000;\">Kurzvortrag: <strong>Die Arbeit von ADFC und Bikekitchen<\/strong> (Klaus E\u00dfer-Luber)<\/td>\n<td style=\"border-color: #000000;\">\u00a0B\u00fchne<\/td>\n<\/tr>\n<tr>\n<td style=\"border-color: #000000;\">12:50<\/td>\n<td style=\"border-color: #000000;\">Kurzvortrag: <strong>Regionale Wirtschaftskreisl\u00e4ufe als Weg aus der Globalisierungsfalle<\/strong> (Eva Bahner)<\/td>\n<td style=\"border-color: #000000;\">\u00a0B\u00fchne<\/td>\n<\/tr>\n<tr>\n<td style=\"border-color: #000000;\">13:00<\/td>\n<td style=\"border-color: #000000;\">Kurzvortrag: <strong>Faire und nachhaltige Produkte<\/strong> (Thomas Kowalski)<br \/>\n<span style=\"color: #ff0000;\">\u00c4nderung: Dieser Beitrag muss wegen Krankheit leider entfallen.<\/span><\/td>\n<td style=\"border-color: #000000;\">\u00a0B\u00fchne<\/td>\n<\/tr>\n<tr>\n<td style=\"border-color: #000000;\">13:10<\/td>\n<td style=\"border-color: #000000;\">Musikbeitrag: <strong>Patrizia Fleig und Aras Mustafa<\/strong> (Beschreibung siehe oben)<\/td>\n<td style=\"border-color: #000000;\">\u00a0B\u00fchne<\/td>\n<\/tr>\n<tr>\n<td style=\"border-color: #000000;\">13:50<\/td>\n<td style=\"border-color: #000000;\">Kurzvortrag: <strong>Vom Summen des Lebens &#8211; Nachhaltigkeit im Bienenstaat<\/strong> (Werner Bader)<\/td>\n<td style=\"border-color: #000000;\">B\u00fchne<\/td>\n<\/tr>\n<tr>\n<td style=\"border-color: #000000;\">14:00<\/td>\n<td style=\"border-color: #000000;\">Kurzvortrag: <strong>Soziales \u00d6ko-Dorf in Augsburg<\/strong> (Ann-Kathrin Glania-Bunea)<\/td>\n<td style=\"border-color: #000000;\">B\u00fchne<\/td>\n<\/tr>\n<tr>\n<td style=\"border-color: #000000;\">14:10<\/td>\n<td style=\"border-color: #000000;\">Kurzvortrag: <strong>Moderner Lehmbau<\/strong> (Jonas Biet)<\/td>\n<td style=\"border-color: #000000;\">B\u00fchne<\/td>\n<\/tr>\n<tr>\n<td style=\"border-color: #000000;\">14:20<\/td>\n<td style=\"border-color: #000000;\">Kurzvortrag: <strong><a href=\"https:\/\/mering.info\/?page_id=601\">Gemeinschaftsgarten Mering<\/a><\/strong> (Dr. Kayode Salau)<\/td>\n<td style=\"border-color: #000000;\">B\u00fchne<\/td>\n<\/tr>\n<tr>\n<td style=\"border-color: #000000;\">15:00<\/td>\n<td style=\"border-color: #000000;\">Filmvorf\u00fchrung: <strong>Der Der Bauer, der das Gras wachsen h\u00f6rt<\/strong> (Dauer ca. 45 min). Hier geht&#8217;s zum<a href=\"https:\/\/www.youtube.com\/watch?v=TotAUWEI3gM\" target=\"_blank\" rel=\"noopener noreferrer\"><strong> Trailer<\/strong>.<\/a><\/td>\n<td style=\"border-color: #000000;\">Filmsaal im PJH<\/td>\n<\/tr>\n<tr>\n<td style=\"border-color: #000000;\">15:00<\/td>\n<td style=\"border-color: #000000;\">Musikbeitrag: <strong>Last Contact<\/strong><br \/>\nDie lokale Jazz-Band unterh\u00e4lt mit bekannten instrumentalen Jazz-Standards. Annemarie Wurm singt den\u00a0 Titel <em>Summertime<\/em>\u00a0 aus der Oper <em>Porgy and Bess<\/em> von George Gershwin. Rudi Kaiserswerth wird passend zum Thema Nachhaltigkeit\u00a0 seinen\u00a0 <em>Osttangentenblues<\/em>\u00a0 vortragen.<\/td>\n<td style=\"border-color: #000000;\">B\u00fchne<\/td>\n<\/tr>\n<tr>\n<td style=\"border-color: #000000;\">16:00<\/td>\n<td style=\"border-color: #000000;\">Musikbeitrag: <strong>Kolpingkapelle Mering<\/strong><br \/>\nDie Kolpingkapelle ist ein Meringer Traditionsverein der seit fast 100 Jahren besteht. Seit nunmehr 20 Jahren verfolgen die Orchester konsequent eine Ausrichtung auf konzertante Blasmusik. Selbstverst\u00e4ndlich werden auch weiterhin original bayerische und b\u00f6hmische Blasmusik sowie traditionelle und moderne Unterhaltungsliteratur zu Geh\u00f6r gebracht. Das heutige Orchester der Kolpingkapelle Mering wird von Mathias St\u00f6\u00dflein dirigiert.<\/td>\n<td style=\"border-color: #000000;\">B\u00fchne<\/td>\n<\/tr>\n<tr>\n<td style=\"border-color: #000000;\">16:35<\/td>\n<td style=\"border-color: #000000;\">Kurzvortrag: <strong>Impuls zu &#8222;Laudato Si&#8220; und unser Handeln<\/strong> (Diakon Erwin Helmer, KAB-Di\u00f6zesanpr\u00e4ses)<\/td>\n<td style=\"border-color: #000000;\">B\u00fchne<\/td>\n<\/tr>\n<tr>\n<td style=\"border-color: #000000;\">16:45<\/td>\n<td style=\"border-color: #000000;\">Kurzvortrag: <strong>Fahrg\u00e4ste im regionalen Bahnverkehr ab 2021<\/strong> (J\u00f6rg Lange)<\/td>\n<td style=\"border-color: #000000;\">B\u00fchne<\/td>\n<\/tr>\n<tr>\n<td style=\"border-color: #000000;\">16:55<\/td>\n<td style=\"border-color: #000000;\">Kurzvortrag: <strong>Nachhaltigkeit durch Bewu\u00dftseinsentwicklung<\/strong> (Prof. Dr. Peter Zerle)<\/td>\n<td style=\"border-color: #000000;\">B\u00fchne<\/td>\n<\/tr>\n<tr>\n<td style=\"border-color: #000000;\">17:00<\/td>\n<td style=\"border-color: #000000;\">Filmvorf\u00fchrung: <strong>Der Landh\u00e4ndler \u2013 ganz ohne Gentechnik<\/strong> (Dauer ca. 45 min). Hier geht&#8217;s zum <a href=\"https:\/\/www.youtube.com\/watch?v=nlhQB_bIM34\" target=\"_blank\" rel=\"noopener noreferrer\"><strong>Trailer<\/strong><\/a>.<\/td>\n<td style=\"border-color: #000000;\">Filmsaal im PJH<\/td>\n<\/tr>\n<tr>\n<td style=\"border-color: #000000;\">17:05<\/td>\n<td style=\"border-color: #000000;\">Kurzvortrag: <strong>Vorstellung und Aktionen des Kath. Deutschen Frauenbundes<\/strong> (Anneliese Herter)<\/td>\n<td style=\"border-color: #000000;\">B\u00fchne<\/td>\n<\/tr>\n<tr>\n<td style=\"border-color: #000000;\">17:20<\/td>\n<td style=\"border-color: #000000;\"><strong>Zumba Fitnes, <a href=\"http:\/\/www.tv-mering.de\/\" target=\"_blank\" rel=\"noopener noreferrer\">TV Mering<\/a><\/strong><br \/>\nZumba ist eine von lateinamerikanischer und internationaler Musik inspirierte Dance-Fitness-Party, bei der man tanzt und dabei unsagbar viele Kalorien verbrennt. Merengue, Salsa, Cha-Cha, Reggaeton, Hip-Hop jeder Tanzstil ist dabei \u2013 aber alles ganz einfach und f\u00fcr jedermann geeignet. Wer das selbst mal ausprobieren will, ist jederzeit beim TV Mering willkommen.<\/td>\n<td style=\"border-color: #000000;\">Vor der B\u00fchne<\/td>\n<\/tr>\n<tr>\n<td style=\"border-color: #000000;\">18:00<\/td>\n<td style=\"border-color: #000000;\"><strong>Ende des Festes \/ des ZukunftsMarktes<\/strong><\/td>\n<td style=\"border-color: #000000;\"><\/td>\n<\/tr>\n<\/tbody>\n<\/table>\n<p>Alle Zeitangaben sind \u2018ca.\u2019-Angaben.<\/p>\n<p>Weitere Informationen:<\/p>\n<ul>\n<li><a href=\"https:\/\/mering.info\/?p=15\">Allgemeine Informationen zum Fest<\/a>.<\/li>\n<li><a href=\"https:\/\/mering.info\/?p=7\">Unser Programm finden Sie hier<\/a>.<\/li>\n<li><a href=\"https:\/\/mering.info\/?p=10\">Informationen zur Anfahrt finden Sie hier<\/a>.<\/li>\n<\/ul>\n","protected":false},"excerpt":{"rendered":"<p>Hier finden Sie den zeitlichen Ablauf des Kulturprogramms des ZukunftsMarkts Mering 2016. Wir bieten einige Musikbeitr\u00e4ge, viel Information durch Kurzvortr\u00e4ge sowie zwei Filmangebote. Durch das Programm f\u00fchrt Werner Bader. Zeit &hellip; <a href=\"https:\/\/mering.info\/?page_id=332\" class=\"more-link\"><span class=\"screen-reader-text\">Kulturprogramm 2016<\/span> weiterlesen <span class=\"meta-nav\">&rarr;<\/span><\/a><\/p>\n","protected":false},"author":2,"featured_media":0,"parent":0,"menu_order":0,"comment_status":"closed","ping_status":"closed","template":"","meta":{"jetpack_post_was_ever_published":false,"footnotes":""},"class_list":["post-332","page","type-page","status-publish","hentry"],"yoast_head":"<!-- This site is optimized with the Yoast SEO plugin v27.5 - https:\/\/yoast.com\/product\/yoast-seo-wordpress\/ -->\n<title>Kulturprogramm 2016 - Nachhaltiges Mering<\/title>\n<meta name=\"robots\" content=\"index, follow, max-snippet:-1, max-image-preview:large, max-video-preview:-1\" \/>\n<link rel=\"canonical\" href=\"https:\/\/mering.info\/?page_id=332\" \/>\n<meta property=\"og:locale\" content=\"de_DE\" \/>\n<meta property=\"og:type\" content=\"article\" \/>\n<meta property=\"og:title\" content=\"Kulturprogramm 2016 - Nachhaltiges Mering\" \/>\n<meta property=\"og:description\" content=\"Hier finden Sie den zeitlichen Ablauf des Kulturprogramms des ZukunftsMarkts Mering 2016. Wir bieten einige Musikbeitr\u00e4ge, viel Information durch Kurzvortr\u00e4ge sowie zwei Filmangebote. Durch das Programm f\u00fchrt Werner Bader. Zeit &hellip; Kulturprogramm 2016 weiterlesen &rarr;\" \/>\n<meta property=\"og:url\" content=\"https:\/\/mering.info\/?page_id=332\" \/>\n<meta property=\"og:site_name\" content=\"Nachhaltiges Mering\" \/>\n<meta property=\"article:modified_time\" content=\"2025-01-26T21:58:47+00:00\" \/>\n<meta name=\"twitter:card\" content=\"summary_large_image\" \/>\n<meta name=\"twitter:label1\" content=\"Gesch\u00e4tzte Lesezeit\" \/>\n\t<meta name=\"twitter:data1\" content=\"3\u00a0Minuten\" \/>\n<script type=\"application\/ld+json\" class=\"yoast-schema-graph\">{\"@context\":\"https:\\\/\\\/schema.org\",\"@graph\":[{\"@type\":\"WebPage\",\"@id\":\"https:\\\/\\\/mering.info\\\/?page_id=332\",\"url\":\"https:\\\/\\\/mering.info\\\/?page_id=332\",\"name\":\"Kulturprogramm 2016 - Nachhaltiges Mering\",\"isPartOf\":{\"@id\":\"https:\\\/\\\/mering.info\\\/#website\"},\"datePublished\":\"2016-05-23T21:37:43+00:00\",\"dateModified\":\"2025-01-26T21:58:47+00:00\",\"breadcrumb\":{\"@id\":\"https:\\\/\\\/mering.info\\\/?page_id=332#breadcrumb\"},\"inLanguage\":\"de\",\"potentialAction\":[{\"@type\":\"ReadAction\",\"target\":[\"https:\\\/\\\/mering.info\\\/?page_id=332\"]}]},{\"@type\":\"BreadcrumbList\",\"@id\":\"https:\\\/\\\/mering.info\\\/?page_id=332#breadcrumb\",\"itemListElement\":[{\"@type\":\"ListItem\",\"position\":1,\"name\":\"Startseite\",\"item\":\"https:\\\/\\\/mering.info\\\/\"},{\"@type\":\"ListItem\",\"position\":2,\"name\":\"Kulturprogramm 2016\"}]},{\"@type\":\"WebSite\",\"@id\":\"https:\\\/\\\/mering.info\\\/#website\",\"url\":\"https:\\\/\\\/mering.info\\\/\",\"name\":\"Nachhaltiges Mering\",\"description\":\"Zukunftsf\u00e4higes Mering\",\"potentialAction\":[{\"@type\":\"SearchAction\",\"target\":{\"@type\":\"EntryPoint\",\"urlTemplate\":\"https:\\\/\\\/mering.info\\\/?s={search_term_string}\"},\"query-input\":{\"@type\":\"PropertyValueSpecification\",\"valueRequired\":true,\"valueName\":\"search_term_string\"}}],\"inLanguage\":\"de\"}]}<\/script>\n<!-- \/ Yoast SEO plugin. -->","yoast_head_json":{"title":"Kulturprogramm 2016 - Nachhaltiges Mering","robots":{"index":"index","follow":"follow","max-snippet":"max-snippet:-1","max-image-preview":"max-image-preview:large","max-video-preview":"max-video-preview:-1"},"canonical":"https:\/\/mering.info\/?page_id=332","og_locale":"de_DE","og_type":"article","og_title":"Kulturprogramm 2016 - Nachhaltiges Mering","og_description":"Hier finden Sie den zeitlichen Ablauf des Kulturprogramms des ZukunftsMarkts Mering 2016. Wir bieten einige Musikbeitr\u00e4ge, viel Information durch Kurzvortr\u00e4ge sowie zwei Filmangebote. Durch das Programm f\u00fchrt Werner Bader. Zeit &hellip; Kulturprogramm 2016 weiterlesen &rarr;","og_url":"https:\/\/mering.info\/?page_id=332","og_site_name":"Nachhaltiges Mering","article_modified_time":"2025-01-26T21:58:47+00:00","twitter_card":"summary_large_image","twitter_misc":{"Gesch\u00e4tzte Lesezeit":"3\u00a0Minuten"},"schema":{"@context":"https:\/\/schema.org","@graph":[{"@type":"WebPage","@id":"https:\/\/mering.info\/?page_id=332","url":"https:\/\/mering.info\/?page_id=332","name":"Kulturprogramm 2016 - Nachhaltiges Mering","isPartOf":{"@id":"https:\/\/mering.info\/#website"},"datePublished":"2016-05-23T21:37:43+00:00","dateModified":"2025-01-26T21:58:47+00:00","breadcrumb":{"@id":"https:\/\/mering.info\/?page_id=332#breadcrumb"},"inLanguage":"de","potentialAction":[{"@type":"ReadAction","target":["https:\/\/mering.info\/?page_id=332"]}]},{"@type":"BreadcrumbList","@id":"https:\/\/mering.info\/?page_id=332#breadcrumb","itemListElement":[{"@type":"ListItem","position":1,"name":"Startseite","item":"https:\/\/mering.info\/"},{"@type":"ListItem","position":2,"name":"Kulturprogramm 2016"}]},{"@type":"WebSite","@id":"https:\/\/mering.info\/#website","url":"https:\/\/mering.info\/","name":"Nachhaltiges Mering","description":"Zukunftsf\u00e4higes Mering","potentialAction":[{"@type":"SearchAction","target":{"@type":"EntryPoint","urlTemplate":"https:\/\/mering.info\/?s={search_term_string}"},"query-input":{"@type":"PropertyValueSpecification","valueRequired":true,"valueName":"search_term_string"}}],"inLanguage":"de"}]}},"jetpack_sharing_enabled":true,"_links":{"self":[{"href":"https:\/\/mering.info\/index.php?rest_route=\/wp\/v2\/pages\/332","targetHints":{"allow":["GET"]}}],"collection":[{"href":"https:\/\/mering.info\/index.php?rest_route=\/wp\/v2\/pages"}],"about":[{"href":"https:\/\/mering.info\/index.php?rest_route=\/wp\/v2\/types\/page"}],"author":[{"embeddable":true,"href":"https:\/\/mering.info\/index.php?rest_route=\/wp\/v2\/users\/2"}],"replies":[{"embeddable":true,"href":"https:\/\/mering.info\/index.php?rest_route=%2Fwp%2Fv2%2Fcomments&post=332"}],"version-history":[{"count":36,"href":"https:\/\/mering.info\/index.php?rest_route=\/wp\/v2\/pages\/332\/revisions"}],"predecessor-version":[{"id":5833,"href":"https:\/\/mering.info\/index.php?rest_route=\/wp\/v2\/pages\/332\/revisions\/5833"}],"wp:attachment":[{"href":"https:\/\/mering.info\/index.php?rest_route=%2Fwp%2Fv2%2Fmedia&parent=332"}],"curies":[{"name":"wp","href":"https:\/\/api.w.org\/{rel}","templated":true}]}}