{"id":3894,"date":"2021-11-29T21:22:14","date_gmt":"2021-11-29T20:22:14","guid":{"rendered":"https:\/\/mering.info\/?page_id=3894"},"modified":"2022-10-02T15:27:46","modified_gmt":"2022-10-02T13:27:46","slug":"zukunftsforum","status":"publish","type":"page","link":"https:\/\/mering.info\/?page_id=3894","title":{"rendered":"ZukunftsForum"},"content":{"rendered":"\t\t<div data-elementor-type=\"wp-page\" data-elementor-id=\"3894\" class=\"elementor elementor-3894\">\n\t\t\t\t\t\t<section class=\"elementor-section elementor-top-section elementor-element elementor-element-1c2236b elementor-section-boxed elementor-section-height-default elementor-section-height-default\" data-id=\"1c2236b\" data-element_type=\"section\" data-e-type=\"section\">\n\t\t\t\t\t\t<div class=\"elementor-container elementor-column-gap-default\">\n\t\t\t\t\t<div class=\"elementor-column elementor-col-100 elementor-top-column elementor-element elementor-element-50ae003\" data-id=\"50ae003\" data-element_type=\"column\" data-e-type=\"column\">\n\t\t\t<div class=\"elementor-widget-wrap elementor-element-populated\">\n\t\t\t\t\t\t<div class=\"elementor-element elementor-element-b775778 elementor-widget elementor-widget-text-editor\" data-id=\"b775778\" data-element_type=\"widget\" data-e-type=\"widget\" data-widget_type=\"text-editor.default\">\n\t\t\t\t<div class=\"elementor-widget-container\">\n\t\t\t\t\t\t\t\t\t<p>Einmal j\u00e4hrlich findet unser ZukunftsForum, eine &#8222;Ideen-B\u00f6rse&#8220;, in Mering statt. Eingeladen sind interessierte B\u00fcrger, Vereinsvorsitzende, Vertreter der Kirchen und Gemeinder\u00e4te.<\/p><p>Diese besondere Form des Zusammentreffens gibt den Mitgliedern des B\u00fcndnisses die M\u00f6glichkeit, sich, ihre Aktivit\u00e4ten und ihre Motivation vorzustellen. Wir k\u00f6nnen uns alle gegenseitig austauschen und neue Kontakte kn\u00fcpfen.<\/p>\t\t\t\t\t\t\t\t<\/div>\n\t\t\t\t<\/div>\n\t\t\t\t\t<\/div>\n\t\t<\/div>\n\t\t\t\t\t<\/div>\n\t\t<\/section>\n\t\t\t\t<section class=\"elementor-section elementor-top-section elementor-element elementor-element-46cb6a3 elementor-section-boxed elementor-section-height-default elementor-section-height-default\" data-id=\"46cb6a3\" data-element_type=\"section\" data-e-type=\"section\">\n\t\t\t\t\t\t<div class=\"elementor-container elementor-column-gap-default\">\n\t\t\t\t\t<div class=\"elementor-column elementor-col-100 elementor-top-column elementor-element elementor-element-9990805\" data-id=\"9990805\" data-element_type=\"column\" data-e-type=\"column\">\n\t\t\t<div class=\"elementor-widget-wrap elementor-element-populated\">\n\t\t\t\t\t\t<div class=\"elementor-element elementor-element-8bd5de4 elementor-widget elementor-widget-heading\" data-id=\"8bd5de4\" data-element_type=\"widget\" data-e-type=\"widget\" data-widget_type=\"heading.default\">\n\t\t\t\t<div class=\"elementor-widget-container\">\n\t\t\t\t\t<h2 class=\"elementor-heading-title elementor-size-default\">Wir veranstalteten bereits:<\/h2>\t\t\t\t<\/div>\n\t\t\t\t<\/div>\n\t\t\t\t\t<\/div>\n\t\t<\/div>\n\t\t\t\t\t<\/div>\n\t\t<\/section>\n\t\t\t\t<section class=\"elementor-section elementor-top-section elementor-element elementor-element-b44a368 elementor-section-boxed elementor-section-height-default elementor-section-height-default\" data-id=\"b44a368\" data-element_type=\"section\" data-e-type=\"section\">\n\t\t\t\t\t\t<div class=\"elementor-container elementor-column-gap-default\">\n\t\t\t\t\t<div class=\"elementor-column elementor-col-100 elementor-top-column elementor-element elementor-element-e2e9da7\" data-id=\"e2e9da7\" data-element_type=\"column\" data-e-type=\"column\">\n\t\t\t<div class=\"elementor-widget-wrap elementor-element-populated\">\n\t\t\t\t\t\t<div class=\"elementor-element elementor-element-6d15147 elementor-widget elementor-widget-text-editor\" data-id=\"6d15147\" data-element_type=\"widget\" data-e-type=\"widget\" data-widget_type=\"text-editor.default\">\n\t\t\t\t<div class=\"elementor-widget-container\">\n\t\t\t\t\t\t\t\t\t<ul><li>das <a href=\"\/?p=1083\">ZukunftsForum I<\/a> am 23. Januar 2018<\/li><li>das <a href=\"\/?p=2141\">ZukunftsForum II<\/a> am 24. Januar 2019 und<\/li><li>das <a href=\"\/?p=3118\">ZukunftsForum III<\/a> am 15. Januar 2020<\/li><\/ul><p>Durch die Diskussionen und das Sammeln von neuen, interessanten Ideen ist dieses ZukunftsForum eine wichtige Informationsplattform in Mering. Wir k\u00f6nnen wieder weitere Schritte planen und unternehmen und uns gemeinsam zu mehr Nachhaltigkeit weiterzuentwickeln.<\/p>\t\t\t\t\t\t\t\t<\/div>\n\t\t\t\t<\/div>\n\t\t\t\t\t<\/div>\n\t\t<\/div>\n\t\t\t\t\t<\/div>\n\t\t<\/section>\n\t\t\t\t<section class=\"elementor-section elementor-top-section elementor-element elementor-element-9db575b elementor-section-boxed elementor-section-height-default elementor-section-height-default\" data-id=\"9db575b\" data-element_type=\"section\" data-e-type=\"section\">\n\t\t\t\t\t\t<div class=\"elementor-container elementor-column-gap-default\">\n\t\t\t\t\t<div class=\"elementor-column elementor-col-100 elementor-top-column elementor-element elementor-element-09f976e\" data-id=\"09f976e\" data-element_type=\"column\" data-e-type=\"column\">\n\t\t\t<div class=\"elementor-widget-wrap elementor-element-populated\">\n\t\t\t\t\t\t<div class=\"elementor-element elementor-element-c863109 elementor-widget elementor-widget-heading\" data-id=\"c863109\" data-element_type=\"widget\" data-e-type=\"widget\" data-widget_type=\"heading.default\">\n\t\t\t\t<div class=\"elementor-widget-container\">\n\t\t\t\t\t<h2 class=\"elementor-heading-title elementor-size-default\">Wer kann mitmachen?<\/h2>\t\t\t\t<\/div>\n\t\t\t\t<\/div>\n\t\t\t\t\t<\/div>\n\t\t<\/div>\n\t\t\t\t\t<\/div>\n\t\t<\/section>\n\t\t\t\t<section class=\"elementor-section elementor-top-section elementor-element elementor-element-2af31ab elementor-section-boxed elementor-section-height-default elementor-section-height-default\" data-id=\"2af31ab\" data-element_type=\"section\" data-e-type=\"section\">\n\t\t\t\t\t\t<div class=\"elementor-container elementor-column-gap-default\">\n\t\t\t\t\t<div class=\"elementor-column elementor-col-100 elementor-top-column elementor-element elementor-element-55e919b\" data-id=\"55e919b\" data-element_type=\"column\" data-e-type=\"column\">\n\t\t\t<div class=\"elementor-widget-wrap elementor-element-populated\">\n\t\t\t\t\t\t<div class=\"elementor-element elementor-element-761a071 elementor-widget elementor-widget-text-editor\" data-id=\"761a071\" data-element_type=\"widget\" data-e-type=\"widget\" data-widget_type=\"text-editor.default\">\n\t\t\t\t<div class=\"elementor-widget-container\">\n\t\t\t\t\t\t\t\t\t<p>Wir laden alle B\u00fcrger:innen und Interessierten ein, ihre Ideen und Vorschl\u00e4ge f\u00fcr ein nachhaltigeres Mering einzubringen.<\/p><p>Wenn Sie sich nicht sicher sind, ob sie dazu beitragen k\u00f6nnen, schauen Sie sich die untenstehenden Fragen an: K\u00f6nnen Sie mindestens eine dieser Fragen mit &#8222;Ja&#8220; beantworten?<\/p><ul><li>Sie finden, dass es in Mering bez\u00fcglich Nachhaltigkeit noch einige Defizite gibt und dass Mering deshalb ruhig noch etwas nachhaltiger sein k\u00f6nnte?<\/li><li>Sie tragen schon l\u00e4nger Ideen und Anregungen mit sich herum, um dieses Thema in Mering voranzubringen?<\/li><li>Sie wollten sich immer schon mal gesellschaftlich engagieren und das Thema Nachhaltigkeit sagt Ihnen zu?<\/li><li>Sie finden, dass Ihre Organisation heute schon einiges zum Thema Nachhaltigkeit beitr\u00e4gt und es daher Sinn macht, dass Sie sich mit uns vernetzen?<\/li><li>Sie sind einfach neugierig, was da in Mering passiert?<\/li><\/ul><p>Wenn dies der Fall ist, macht es Sinn, dass Sie bei unserem ZukunftsForum mit dabei sind. \u00dcber kommende Termine informieren wir Sie in unseren Veranstaltungsank\u00fcndigungen.<\/p>\t\t\t\t\t\t\t\t<\/div>\n\t\t\t\t<\/div>\n\t\t\t\t\t<\/div>\n\t\t<\/div>\n\t\t\t\t\t<\/div>\n\t\t<\/section>\n\t\t\t\t<\/div>\n\t\t","protected":false},"excerpt":{"rendered":"<p>Einmal j\u00e4hrlich findet unser ZukunftsForum, eine &#8222;Ideen-B\u00f6rse&#8220;, in Mering statt. Eingeladen sind interessierte B\u00fcrger, Vereinsvorsitzende, Vertreter der Kirchen und Gemeinder\u00e4te. Diese besondere Form des Zusammentreffens gibt den Mitgliedern des B\u00fcndnisses &hellip; <a href=\"https:\/\/mering.info\/?page_id=3894\" class=\"more-link\"><span class=\"screen-reader-text\">ZukunftsForum<\/span> weiterlesen <span class=\"meta-nav\">&rarr;<\/span><\/a><\/p>\n","protected":false},"author":12,"featured_media":0,"parent":0,"menu_order":0,"comment_status":"closed","ping_status":"closed","template":"","meta":{"jetpack_post_was_ever_published":false,"footnotes":""},"class_list":["post-3894","page","type-page","status-publish","hentry"],"yoast_head":"<!-- This site is optimized with the Yoast SEO plugin v27.5 - https:\/\/yoast.com\/product\/yoast-seo-wordpress\/ -->\n<title>ZukunftsForum - Nachhaltiges Mering<\/title>\n<meta name=\"description\" content=\"Einmal j\u00e4hrlich findet unsere \u201eIdeen-B\u00f6rse\u201c, das ZukunftsForum, in Mering statt. Wir sammeln neue Ideen f\u00fcr mehr Nachhaltigkeit in Mering.\" \/>\n<meta name=\"robots\" content=\"index, follow, max-snippet:-1, max-image-preview:large, max-video-preview:-1\" \/>\n<link rel=\"canonical\" href=\"https:\/\/mering.info\/?page_id=3894\" \/>\n<meta property=\"og:locale\" content=\"de_DE\" \/>\n<meta property=\"og:type\" content=\"article\" \/>\n<meta property=\"og:title\" content=\"ZukunftsForum - Nachhaltiges Mering\" \/>\n<meta property=\"og:description\" content=\"Einmal j\u00e4hrlich findet unsere \u201eIdeen-B\u00f6rse\u201c, das ZukunftsForum, in Mering statt. Wir sammeln neue Ideen f\u00fcr mehr Nachhaltigkeit in Mering.\" \/>\n<meta property=\"og:url\" content=\"https:\/\/mering.info\/?page_id=3894\" \/>\n<meta property=\"og:site_name\" content=\"Nachhaltiges Mering\" \/>\n<meta property=\"article:modified_time\" content=\"2022-10-02T13:27:46+00:00\" \/>\n<meta name=\"twitter:card\" content=\"summary_large_image\" \/>\n<meta name=\"twitter:label1\" content=\"Gesch\u00e4tzte Lesezeit\" \/>\n\t<meta name=\"twitter:data1\" content=\"2\u00a0Minuten\" \/>\n<script type=\"application\/ld+json\" class=\"yoast-schema-graph\">{\"@context\":\"https:\\\/\\\/schema.org\",\"@graph\":[{\"@type\":\"WebPage\",\"@id\":\"https:\\\/\\\/mering.info\\\/?page_id=3894\",\"url\":\"https:\\\/\\\/mering.info\\\/?page_id=3894\",\"name\":\"ZukunftsForum - Nachhaltiges Mering\",\"isPartOf\":{\"@id\":\"https:\\\/\\\/mering.info\\\/#website\"},\"datePublished\":\"2021-11-29T20:22:14+00:00\",\"dateModified\":\"2022-10-02T13:27:46+00:00\",\"description\":\"Einmal j\u00e4hrlich findet unsere \u201eIdeen-B\u00f6rse\u201c, das ZukunftsForum, in Mering statt. Wir sammeln neue Ideen f\u00fcr mehr Nachhaltigkeit in Mering.\",\"breadcrumb\":{\"@id\":\"https:\\\/\\\/mering.info\\\/?page_id=3894#breadcrumb\"},\"inLanguage\":\"de\",\"potentialAction\":[{\"@type\":\"ReadAction\",\"target\":[\"https:\\\/\\\/mering.info\\\/?page_id=3894\"]}]},{\"@type\":\"BreadcrumbList\",\"@id\":\"https:\\\/\\\/mering.info\\\/?page_id=3894#breadcrumb\",\"itemListElement\":[{\"@type\":\"ListItem\",\"position\":1,\"name\":\"Startseite\",\"item\":\"https:\\\/\\\/mering.info\\\/\"},{\"@type\":\"ListItem\",\"position\":2,\"name\":\"ZukunftsForum\"}]},{\"@type\":\"WebSite\",\"@id\":\"https:\\\/\\\/mering.info\\\/#website\",\"url\":\"https:\\\/\\\/mering.info\\\/\",\"name\":\"Nachhaltiges Mering\",\"description\":\"Zukunftsf\u00e4higes Mering\",\"potentialAction\":[{\"@type\":\"SearchAction\",\"target\":{\"@type\":\"EntryPoint\",\"urlTemplate\":\"https:\\\/\\\/mering.info\\\/?s={search_term_string}\"},\"query-input\":{\"@type\":\"PropertyValueSpecification\",\"valueRequired\":true,\"valueName\":\"search_term_string\"}}],\"inLanguage\":\"de\"}]}<\/script>\n<!-- \/ Yoast SEO plugin. -->","yoast_head_json":{"title":"ZukunftsForum - Nachhaltiges Mering","description":"Einmal j\u00e4hrlich findet unsere \u201eIdeen-B\u00f6rse\u201c, das ZukunftsForum, in Mering statt. Wir sammeln neue Ideen f\u00fcr mehr Nachhaltigkeit in Mering.","robots":{"index":"index","follow":"follow","max-snippet":"max-snippet:-1","max-image-preview":"max-image-preview:large","max-video-preview":"max-video-preview:-1"},"canonical":"https:\/\/mering.info\/?page_id=3894","og_locale":"de_DE","og_type":"article","og_title":"ZukunftsForum - Nachhaltiges Mering","og_description":"Einmal j\u00e4hrlich findet unsere \u201eIdeen-B\u00f6rse\u201c, das ZukunftsForum, in Mering statt. Wir sammeln neue Ideen f\u00fcr mehr Nachhaltigkeit in Mering.","og_url":"https:\/\/mering.info\/?page_id=3894","og_site_name":"Nachhaltiges Mering","article_modified_time":"2022-10-02T13:27:46+00:00","twitter_card":"summary_large_image","twitter_misc":{"Gesch\u00e4tzte Lesezeit":"2\u00a0Minuten"},"schema":{"@context":"https:\/\/schema.org","@graph":[{"@type":"WebPage","@id":"https:\/\/mering.info\/?page_id=3894","url":"https:\/\/mering.info\/?page_id=3894","name":"ZukunftsForum - Nachhaltiges Mering","isPartOf":{"@id":"https:\/\/mering.info\/#website"},"datePublished":"2021-11-29T20:22:14+00:00","dateModified":"2022-10-02T13:27:46+00:00","description":"Einmal j\u00e4hrlich findet unsere \u201eIdeen-B\u00f6rse\u201c, das ZukunftsForum, in Mering statt. Wir sammeln neue Ideen f\u00fcr mehr Nachhaltigkeit in Mering.","breadcrumb":{"@id":"https:\/\/mering.info\/?page_id=3894#breadcrumb"},"inLanguage":"de","potentialAction":[{"@type":"ReadAction","target":["https:\/\/mering.info\/?page_id=3894"]}]},{"@type":"BreadcrumbList","@id":"https:\/\/mering.info\/?page_id=3894#breadcrumb","itemListElement":[{"@type":"ListItem","position":1,"name":"Startseite","item":"https:\/\/mering.info\/"},{"@type":"ListItem","position":2,"name":"ZukunftsForum"}]},{"@type":"WebSite","@id":"https:\/\/mering.info\/#website","url":"https:\/\/mering.info\/","name":"Nachhaltiges Mering","description":"Zukunftsf\u00e4higes Mering","potentialAction":[{"@type":"SearchAction","target":{"@type":"EntryPoint","urlTemplate":"https:\/\/mering.info\/?s={search_term_string}"},"query-input":{"@type":"PropertyValueSpecification","valueRequired":true,"valueName":"search_term_string"}}],"inLanguage":"de"}]}},"jetpack_sharing_enabled":true,"_links":{"self":[{"href":"https:\/\/mering.info\/index.php?rest_route=\/wp\/v2\/pages\/3894","targetHints":{"allow":["GET"]}}],"collection":[{"href":"https:\/\/mering.info\/index.php?rest_route=\/wp\/v2\/pages"}],"about":[{"href":"https:\/\/mering.info\/index.php?rest_route=\/wp\/v2\/types\/page"}],"author":[{"embeddable":true,"href":"https:\/\/mering.info\/index.php?rest_route=\/wp\/v2\/users\/12"}],"replies":[{"embeddable":true,"href":"https:\/\/mering.info\/index.php?rest_route=%2Fwp%2Fv2%2Fcomments&post=3894"}],"version-history":[{"count":16,"href":"https:\/\/mering.info\/index.php?rest_route=\/wp\/v2\/pages\/3894\/revisions"}],"predecessor-version":[{"id":5013,"href":"https:\/\/mering.info\/index.php?rest_route=\/wp\/v2\/pages\/3894\/revisions\/5013"}],"wp:attachment":[{"href":"https:\/\/mering.info\/index.php?rest_route=%2Fwp%2Fv2%2Fmedia&parent=3894"}],"curies":[{"name":"wp","href":"https:\/\/api.w.org\/{rel}","templated":true}]}}