{"id":2387,"date":"2018-08-18T21:08:53","date_gmt":"2018-08-18T19:08:53","guid":{"rendered":"http:\/\/mering.info\/?post_type=tribe_events&#038;p=2387"},"modified":"2018-08-19T05:17:57","modified_gmt":"2018-08-19T03:17:57","slug":"forum-z-mobilitaet","status":"publish","type":"tribe_events","link":"https:\/\/mering.info\/?tribe_events=forum-z-mobilitaet","title":{"rendered":"Forum Z &#8211; Mobilit\u00e4t"},"content":{"rendered":"<p>Trotz Sommerzeit sind einige Aktivit\u00e4ten am Laufen, zum Beispiel unser n\u00e4chstes Treffen der Arbeitsgruppe Mobilit\u00e4t\u00a0 des Forum-Z.<\/p>\n<p>Wir laden deshalb viele Interessierte aus dem Landkreis S\u00fcden zu unserer n\u00e4chsten Arbeitssitzung\u00a0 im Nebenraum des Restaurants Delphi in Mering ein.<\/p>\n<p>Unsere gro\u00dfes Thema dieses Jahr ist die aktive Unterst\u00fctzung des Radverkehrskonzeptes im Landkreis Aichach Friedberg. Clemens\u00a0 von Tucher ist hier als Mitglied des ADFC Augsburg in der dortigen Planungsgruppe direkt beteiligt.<\/p>\n<p>Bei unserem Treffen werden wir euch \u00fcber den aktuellen Stand, die Erwartungen und Ziele berichten.<\/p>\n","protected":false},"excerpt":{"rendered":"<p>Trotz Sommerzeit sind einige Aktivit\u00e4ten am Laufen, zum Beispiel unser n\u00e4chstes Treffen der Arbeitsgruppe Mobilit\u00e4t\u00a0 des Forum-Z. Wir laden deshalb viele Interessierte aus dem Landkreis S\u00fcden zu unserer n\u00e4chsten Arbeitssitzung\u00a0 &hellip; <a href=\"https:\/\/mering.info\/?tribe_events=forum-z-mobilitaet\" class=\"more-link\"><span class=\"screen-reader-text\">Forum Z &#8211; Mobilit\u00e4t<\/span> weiterlesen <span class=\"meta-nav\">&rarr;<\/span><\/a><\/p>\n","protected":false},"author":2,"featured_media":0,"template":"","meta":{"jetpack_post_was_ever_published":false,"_tribe_events_status":"","_tribe_events_status_reason":"","footnotes":""},"tags":[],"tribe_events_cat":[],"class_list":["post-2387","tribe_events","type-tribe_events","status-publish","hentry"],"yoast_head":"<!-- This site is optimized with the Yoast SEO plugin v27.5 - https:\/\/yoast.com\/product\/yoast-seo-wordpress\/ -->\n<title>Forum Z - Mobilit\u00e4t - Nachhaltiges Mering<\/title>\n<meta name=\"robots\" content=\"index, follow, max-snippet:-1, max-image-preview:large, max-video-preview:-1\" \/>\n<link rel=\"canonical\" href=\"https:\/\/mering.info\/?tribe_events=forum-z-mobilitaet\" \/>\n<meta property=\"og:locale\" content=\"de_DE\" \/>\n<meta property=\"og:type\" content=\"article\" \/>\n<meta property=\"og:title\" content=\"Forum Z - Mobilit\u00e4t - Nachhaltiges Mering\" \/>\n<meta property=\"og:description\" content=\"Trotz Sommerzeit sind einige Aktivit\u00e4ten am Laufen, zum Beispiel unser n\u00e4chstes Treffen der Arbeitsgruppe Mobilit\u00e4t\u00a0 des Forum-Z. Wir laden deshalb viele Interessierte aus dem Landkreis S\u00fcden zu unserer n\u00e4chsten Arbeitssitzung\u00a0 &hellip; Forum Z &#8211; Mobilit\u00e4t weiterlesen &rarr;\" \/>\n<meta property=\"og:url\" content=\"https:\/\/mering.info\/?tribe_events=forum-z-mobilitaet\" \/>\n<meta property=\"og:site_name\" content=\"Nachhaltiges Mering\" \/>\n<meta property=\"article:modified_time\" content=\"2018-08-19T03:17:57+00:00\" \/>\n<meta name=\"twitter:card\" content=\"summary_large_image\" \/>\n<script type=\"application\/ld+json\" class=\"yoast-schema-graph\">{\"@context\":\"https:\\\/\\\/schema.org\",\"@graph\":[{\"@type\":\"WebPage\",\"@id\":\"https:\\\/\\\/mering.info\\\/?tribe_events=forum-z-mobilitaet\",\"url\":\"https:\\\/\\\/mering.info\\\/?tribe_events=forum-z-mobilitaet\",\"name\":\"Forum Z - Mobilit\u00e4t - Nachhaltiges Mering\",\"isPartOf\":{\"@id\":\"https:\\\/\\\/mering.info\\\/#website\"},\"datePublished\":\"2018-08-18T19:08:53+00:00\",\"dateModified\":\"2018-08-19T03:17:57+00:00\",\"breadcrumb\":{\"@id\":\"https:\\\/\\\/mering.info\\\/?tribe_events=forum-z-mobilitaet#breadcrumb\"},\"inLanguage\":\"de\",\"potentialAction\":[{\"@type\":\"ReadAction\",\"target\":[\"https:\\\/\\\/mering.info\\\/?tribe_events=forum-z-mobilitaet\"]}]},{\"@type\":\"BreadcrumbList\",\"@id\":\"https:\\\/\\\/mering.info\\\/?tribe_events=forum-z-mobilitaet#breadcrumb\",\"itemListElement\":[{\"@type\":\"ListItem\",\"position\":1,\"name\":\"Startseite\",\"item\":\"https:\\\/\\\/mering.info\\\/\"},{\"@type\":\"ListItem\",\"position\":2,\"name\":\"Veranstaltungen\",\"item\":\"https:\\\/\\\/mering.info\\\/?post_type=tribe_events\"},{\"@type\":\"ListItem\",\"position\":3,\"name\":\"Forum Z &#8211; Mobilit\u00e4t\"}]},{\"@type\":\"WebSite\",\"@id\":\"https:\\\/\\\/mering.info\\\/#website\",\"url\":\"https:\\\/\\\/mering.info\\\/\",\"name\":\"Nachhaltiges Mering\",\"description\":\"Zukunftsf\u00e4higes Mering\",\"potentialAction\":[{\"@type\":\"SearchAction\",\"target\":{\"@type\":\"EntryPoint\",\"urlTemplate\":\"https:\\\/\\\/mering.info\\\/?s={search_term_string}\"},\"query-input\":{\"@type\":\"PropertyValueSpecification\",\"valueRequired\":true,\"valueName\":\"search_term_string\"}}],\"inLanguage\":\"de\"}]}<\/script>\n<!-- \/ Yoast SEO plugin. -->","yoast_head_json":{"title":"Forum Z - Mobilit\u00e4t - Nachhaltiges Mering","robots":{"index":"index","follow":"follow","max-snippet":"max-snippet:-1","max-image-preview":"max-image-preview:large","max-video-preview":"max-video-preview:-1"},"canonical":"https:\/\/mering.info\/?tribe_events=forum-z-mobilitaet","og_locale":"de_DE","og_type":"article","og_title":"Forum Z - Mobilit\u00e4t - Nachhaltiges Mering","og_description":"Trotz Sommerzeit sind einige Aktivit\u00e4ten am Laufen, zum Beispiel unser n\u00e4chstes Treffen der Arbeitsgruppe Mobilit\u00e4t\u00a0 des Forum-Z. Wir laden deshalb viele Interessierte aus dem Landkreis S\u00fcden zu unserer n\u00e4chsten Arbeitssitzung\u00a0 &hellip; Forum Z &#8211; Mobilit\u00e4t weiterlesen &rarr;","og_url":"https:\/\/mering.info\/?tribe_events=forum-z-mobilitaet","og_site_name":"Nachhaltiges Mering","article_modified_time":"2018-08-19T03:17:57+00:00","twitter_card":"summary_large_image","schema":{"@context":"https:\/\/schema.org","@graph":[{"@type":"WebPage","@id":"https:\/\/mering.info\/?tribe_events=forum-z-mobilitaet","url":"https:\/\/mering.info\/?tribe_events=forum-z-mobilitaet","name":"Forum Z - Mobilit\u00e4t - Nachhaltiges Mering","isPartOf":{"@id":"https:\/\/mering.info\/#website"},"datePublished":"2018-08-18T19:08:53+00:00","dateModified":"2018-08-19T03:17:57+00:00","breadcrumb":{"@id":"https:\/\/mering.info\/?tribe_events=forum-z-mobilitaet#breadcrumb"},"inLanguage":"de","potentialAction":[{"@type":"ReadAction","target":["https:\/\/mering.info\/?tribe_events=forum-z-mobilitaet"]}]},{"@type":"BreadcrumbList","@id":"https:\/\/mering.info\/?tribe_events=forum-z-mobilitaet#breadcrumb","itemListElement":[{"@type":"ListItem","position":1,"name":"Startseite","item":"https:\/\/mering.info\/"},{"@type":"ListItem","position":2,"name":"Veranstaltungen","item":"https:\/\/mering.info\/?post_type=tribe_events"},{"@type":"ListItem","position":3,"name":"Forum Z &#8211; Mobilit\u00e4t"}]},{"@type":"WebSite","@id":"https:\/\/mering.info\/#website","url":"https:\/\/mering.info\/","name":"Nachhaltiges Mering","description":"Zukunftsf\u00e4higes Mering","potentialAction":[{"@type":"SearchAction","target":{"@type":"EntryPoint","urlTemplate":"https:\/\/mering.info\/?s={search_term_string}"},"query-input":{"@type":"PropertyValueSpecification","valueRequired":true,"valueName":"search_term_string"}}],"inLanguage":"de"}]}},"jetpack_sharing_enabled":true,"_links":{"self":[{"href":"https:\/\/mering.info\/index.php?rest_route=\/wp\/v2\/tribe_events\/2387","targetHints":{"allow":["GET"]}}],"collection":[{"href":"https:\/\/mering.info\/index.php?rest_route=\/wp\/v2\/tribe_events"}],"about":[{"href":"https:\/\/mering.info\/index.php?rest_route=\/wp\/v2\/types\/tribe_events"}],"author":[{"embeddable":true,"href":"https:\/\/mering.info\/index.php?rest_route=\/wp\/v2\/users\/2"}],"version-history":[{"count":3,"href":"https:\/\/mering.info\/index.php?rest_route=\/wp\/v2\/tribe_events\/2387\/revisions"}],"predecessor-version":[{"id":2390,"href":"https:\/\/mering.info\/index.php?rest_route=\/wp\/v2\/tribe_events\/2387\/revisions\/2390"}],"wp:attachment":[{"href":"https:\/\/mering.info\/index.php?rest_route=%2Fwp%2Fv2%2Fmedia&parent=2387"}],"wp:term":[{"taxonomy":"post_tag","embeddable":true,"href":"https:\/\/mering.info\/index.php?rest_route=%2Fwp%2Fv2%2Ftags&post=2387"},{"taxonomy":"tribe_events_cat","embeddable":true,"href":"https:\/\/mering.info\/index.php?rest_route=%2Fwp%2Fv2%2Ftribe_events_cat&post=2387"}],"curies":[{"name":"wp","href":"https:\/\/api.w.org\/{rel}","templated":true}]}}