{"id":5599,"date":"2024-02-24T15:30:18","date_gmt":"2024-02-24T14:30:18","guid":{"rendered":"https:\/\/mering.info\/?post_type=tribe_events&#038;p=5599"},"modified":"2024-05-06T18:57:01","modified_gmt":"2024-05-06T16:57:01","slug":"gruene-radlflohmarkt-6","status":"publish","type":"tribe_events","link":"https:\/\/mering.info\/?tribe_events=gruene-radlflohmarkt-6","title":{"rendered":"Gr\u00fcne: Radlflohmarkt"},"content":{"rendered":"<p>Zu einer nachhaltigen Mobilit\u00e4t geh\u00f6rt das Fahrrad und nat\u00fcrlich auch eine lange Nutzung desselben. Jedes Jahr veranstalten die Gr\u00fcnen in Mering deshalb einen Radlflohmarkt, wo Interessierte ein gebrauchtes Rad erwerben oder selber eines verkaufen k\u00f6nnen.<\/p>\n<p>Mehr Information dazu auf der Webseite der Gr\u00fcnen.<\/p>\n","protected":false},"excerpt":{"rendered":"<p>Am Samstag, 20. April, findet erneut der Radlflohmarkt der Gr\u00fcnen an der Grundschule Amb\u00e9rieustra\u00dfe in Mering statt.<\/p>\n","protected":false},"author":12,"featured_media":5596,"template":"","meta":{"jetpack_post_was_ever_published":false,"_tribe_events_status":"","_tribe_events_status_reason":"","footnotes":""},"tags":[16,98,181],"tribe_events_cat":[89],"class_list":["post-5599","tribe_events","type-tribe_events","status-publish","has-post-thumbnail","hentry","tag-fahrrad","tag-flohmarkt","tag-radlflohmarkt","tribe_events_cat-markt","cat_markt"],"yoast_head":"<!-- This site is optimized with the Yoast SEO plugin v27.5 - https:\/\/yoast.com\/product\/yoast-seo-wordpress\/ -->\n<title>Gr\u00fcne: Radlflohmarkt - Nachhaltiges Mering<\/title>\n<meta name=\"description\" content=\"Am Samstag, 20. April, findet erneut der Radlflohmarkt der Gr\u00fcnen an der Grundschule Amb\u00e9rieustra\u00dfe in Mering statt.\" \/>\n<meta name=\"robots\" content=\"index, follow, max-snippet:-1, max-image-preview:large, max-video-preview:-1\" \/>\n<link rel=\"canonical\" href=\"https:\/\/mering.info\/?tribe_events=gruene-radlflohmarkt-6\" \/>\n<meta property=\"og:locale\" content=\"de_DE\" \/>\n<meta property=\"og:type\" content=\"article\" \/>\n<meta property=\"og:title\" content=\"Gr\u00fcne: Radlflohmarkt - Nachhaltiges Mering\" \/>\n<meta property=\"og:description\" content=\"Am Samstag, 20. April, findet erneut der Radlflohmarkt der Gr\u00fcnen an der Grundschule Amb\u00e9rieustra\u00dfe in Mering statt.\" \/>\n<meta property=\"og:url\" content=\"https:\/\/mering.info\/?tribe_events=gruene-radlflohmarkt-6\" \/>\n<meta property=\"og:site_name\" content=\"Nachhaltiges Mering\" \/>\n<meta property=\"article:modified_time\" content=\"2024-05-06T16:57:01+00:00\" \/>\n<meta property=\"og:image\" content=\"https:\/\/mering.info\/wp-content\/uploads\/2024\/02\/signal-2024-02-24-12-03-26-501.jpg\" \/>\n\t<meta property=\"og:image:width\" content=\"1080\" \/>\n\t<meta property=\"og:image:height\" content=\"1080\" \/>\n\t<meta property=\"og:image:type\" content=\"image\/jpeg\" \/>\n<meta name=\"twitter:card\" content=\"summary_large_image\" \/>\n<meta name=\"twitter:label1\" content=\"Gesch\u00e4tzte Lesezeit\" \/>\n\t<meta name=\"twitter:data1\" content=\"1\u00a0Minute\" \/>\n<script type=\"application\/ld+json\" class=\"yoast-schema-graph\">{\"@context\":\"https:\\\/\\\/schema.org\",\"@graph\":[{\"@type\":\"WebPage\",\"@id\":\"https:\\\/\\\/mering.info\\\/?tribe_events=gruene-radlflohmarkt-6\",\"url\":\"https:\\\/\\\/mering.info\\\/?tribe_events=gruene-radlflohmarkt-6\",\"name\":\"Gr\u00fcne: Radlflohmarkt - Nachhaltiges Mering\",\"isPartOf\":{\"@id\":\"https:\\\/\\\/mering.info\\\/#website\"},\"primaryImageOfPage\":{\"@id\":\"https:\\\/\\\/mering.info\\\/?tribe_events=gruene-radlflohmarkt-6#primaryimage\"},\"image\":{\"@id\":\"https:\\\/\\\/mering.info\\\/?tribe_events=gruene-radlflohmarkt-6#primaryimage\"},\"thumbnailUrl\":\"https:\\\/\\\/mering.info\\\/wp-content\\\/uploads\\\/2024\\\/02\\\/signal-2024-02-24-12-03-26-501.jpg\",\"datePublished\":\"2024-02-24T14:30:18+00:00\",\"dateModified\":\"2024-05-06T16:57:01+00:00\",\"description\":\"Am Samstag, 20. April, findet erneut der Radlflohmarkt der Gr\u00fcnen an der Grundschule Amb\u00e9rieustra\u00dfe in Mering statt.\",\"breadcrumb\":{\"@id\":\"https:\\\/\\\/mering.info\\\/?tribe_events=gruene-radlflohmarkt-6#breadcrumb\"},\"inLanguage\":\"de\",\"potentialAction\":[{\"@type\":\"ReadAction\",\"target\":[\"https:\\\/\\\/mering.info\\\/?tribe_events=gruene-radlflohmarkt-6\"]}]},{\"@type\":\"ImageObject\",\"inLanguage\":\"de\",\"@id\":\"https:\\\/\\\/mering.info\\\/?tribe_events=gruene-radlflohmarkt-6#primaryimage\",\"url\":\"https:\\\/\\\/mering.info\\\/wp-content\\\/uploads\\\/2024\\\/02\\\/signal-2024-02-24-12-03-26-501.jpg\",\"contentUrl\":\"https:\\\/\\\/mering.info\\\/wp-content\\\/uploads\\\/2024\\\/02\\\/signal-2024-02-24-12-03-26-501.jpg\",\"width\":1080,\"height\":1080,\"caption\":\"Gr\u00fcne Radlflohmarkt\"},{\"@type\":\"BreadcrumbList\",\"@id\":\"https:\\\/\\\/mering.info\\\/?tribe_events=gruene-radlflohmarkt-6#breadcrumb\",\"itemListElement\":[{\"@type\":\"ListItem\",\"position\":1,\"name\":\"Startseite\",\"item\":\"https:\\\/\\\/mering.info\\\/\"},{\"@type\":\"ListItem\",\"position\":2,\"name\":\"Veranstaltungen\",\"item\":\"https:\\\/\\\/mering.info\\\/?post_type=tribe_events\"},{\"@type\":\"ListItem\",\"position\":3,\"name\":\"Gr\u00fcne: Radlflohmarkt\"}]},{\"@type\":\"WebSite\",\"@id\":\"https:\\\/\\\/mering.info\\\/#website\",\"url\":\"https:\\\/\\\/mering.info\\\/\",\"name\":\"Nachhaltiges Mering\",\"description\":\"Zukunftsf\u00e4higes Mering\",\"potentialAction\":[{\"@type\":\"SearchAction\",\"target\":{\"@type\":\"EntryPoint\",\"urlTemplate\":\"https:\\\/\\\/mering.info\\\/?s={search_term_string}\"},\"query-input\":{\"@type\":\"PropertyValueSpecification\",\"valueRequired\":true,\"valueName\":\"search_term_string\"}}],\"inLanguage\":\"de\"}]}<\/script>\n<!-- \/ Yoast SEO plugin. -->","yoast_head_json":{"title":"Gr\u00fcne: Radlflohmarkt - Nachhaltiges Mering","description":"Am Samstag, 20. April, findet erneut der Radlflohmarkt der Gr\u00fcnen an der Grundschule Amb\u00e9rieustra\u00dfe in Mering statt.","robots":{"index":"index","follow":"follow","max-snippet":"max-snippet:-1","max-image-preview":"max-image-preview:large","max-video-preview":"max-video-preview:-1"},"canonical":"https:\/\/mering.info\/?tribe_events=gruene-radlflohmarkt-6","og_locale":"de_DE","og_type":"article","og_title":"Gr\u00fcne: Radlflohmarkt - Nachhaltiges Mering","og_description":"Am Samstag, 20. April, findet erneut der Radlflohmarkt der Gr\u00fcnen an der Grundschule Amb\u00e9rieustra\u00dfe in Mering statt.","og_url":"https:\/\/mering.info\/?tribe_events=gruene-radlflohmarkt-6","og_site_name":"Nachhaltiges Mering","article_modified_time":"2024-05-06T16:57:01+00:00","og_image":[{"width":1080,"height":1080,"url":"https:\/\/mering.info\/wp-content\/uploads\/2024\/02\/signal-2024-02-24-12-03-26-501.jpg","type":"image\/jpeg"}],"twitter_card":"summary_large_image","twitter_misc":{"Gesch\u00e4tzte Lesezeit":"1\u00a0Minute"},"schema":{"@context":"https:\/\/schema.org","@graph":[{"@type":"WebPage","@id":"https:\/\/mering.info\/?tribe_events=gruene-radlflohmarkt-6","url":"https:\/\/mering.info\/?tribe_events=gruene-radlflohmarkt-6","name":"Gr\u00fcne: Radlflohmarkt - Nachhaltiges Mering","isPartOf":{"@id":"https:\/\/mering.info\/#website"},"primaryImageOfPage":{"@id":"https:\/\/mering.info\/?tribe_events=gruene-radlflohmarkt-6#primaryimage"},"image":{"@id":"https:\/\/mering.info\/?tribe_events=gruene-radlflohmarkt-6#primaryimage"},"thumbnailUrl":"https:\/\/mering.info\/wp-content\/uploads\/2024\/02\/signal-2024-02-24-12-03-26-501.jpg","datePublished":"2024-02-24T14:30:18+00:00","dateModified":"2024-05-06T16:57:01+00:00","description":"Am Samstag, 20. April, findet erneut der Radlflohmarkt der Gr\u00fcnen an der Grundschule Amb\u00e9rieustra\u00dfe in Mering statt.","breadcrumb":{"@id":"https:\/\/mering.info\/?tribe_events=gruene-radlflohmarkt-6#breadcrumb"},"inLanguage":"de","potentialAction":[{"@type":"ReadAction","target":["https:\/\/mering.info\/?tribe_events=gruene-radlflohmarkt-6"]}]},{"@type":"ImageObject","inLanguage":"de","@id":"https:\/\/mering.info\/?tribe_events=gruene-radlflohmarkt-6#primaryimage","url":"https:\/\/mering.info\/wp-content\/uploads\/2024\/02\/signal-2024-02-24-12-03-26-501.jpg","contentUrl":"https:\/\/mering.info\/wp-content\/uploads\/2024\/02\/signal-2024-02-24-12-03-26-501.jpg","width":1080,"height":1080,"caption":"Gr\u00fcne Radlflohmarkt"},{"@type":"BreadcrumbList","@id":"https:\/\/mering.info\/?tribe_events=gruene-radlflohmarkt-6#breadcrumb","itemListElement":[{"@type":"ListItem","position":1,"name":"Startseite","item":"https:\/\/mering.info\/"},{"@type":"ListItem","position":2,"name":"Veranstaltungen","item":"https:\/\/mering.info\/?post_type=tribe_events"},{"@type":"ListItem","position":3,"name":"Gr\u00fcne: Radlflohmarkt"}]},{"@type":"WebSite","@id":"https:\/\/mering.info\/#website","url":"https:\/\/mering.info\/","name":"Nachhaltiges Mering","description":"Zukunftsf\u00e4higes Mering","potentialAction":[{"@type":"SearchAction","target":{"@type":"EntryPoint","urlTemplate":"https:\/\/mering.info\/?s={search_term_string}"},"query-input":{"@type":"PropertyValueSpecification","valueRequired":true,"valueName":"search_term_string"}}],"inLanguage":"de"}]}},"jetpack_sharing_enabled":true,"_links":{"self":[{"href":"https:\/\/mering.info\/index.php?rest_route=\/wp\/v2\/tribe_events\/5599","targetHints":{"allow":["GET"]}}],"collection":[{"href":"https:\/\/mering.info\/index.php?rest_route=\/wp\/v2\/tribe_events"}],"about":[{"href":"https:\/\/mering.info\/index.php?rest_route=\/wp\/v2\/types\/tribe_events"}],"author":[{"embeddable":true,"href":"https:\/\/mering.info\/index.php?rest_route=\/wp\/v2\/users\/12"}],"version-history":[{"count":2,"href":"https:\/\/mering.info\/index.php?rest_route=\/wp\/v2\/tribe_events\/5599\/revisions"}],"predecessor-version":[{"id":5647,"href":"https:\/\/mering.info\/index.php?rest_route=\/wp\/v2\/tribe_events\/5599\/revisions\/5647"}],"wp:featuredmedia":[{"embeddable":true,"href":"https:\/\/mering.info\/index.php?rest_route=\/wp\/v2\/media\/5596"}],"wp:attachment":[{"href":"https:\/\/mering.info\/index.php?rest_route=%2Fwp%2Fv2%2Fmedia&parent=5599"}],"wp:term":[{"taxonomy":"post_tag","embeddable":true,"href":"https:\/\/mering.info\/index.php?rest_route=%2Fwp%2Fv2%2Ftags&post=5599"},{"taxonomy":"tribe_events_cat","embeddable":true,"href":"https:\/\/mering.info\/index.php?rest_route=%2Fwp%2Fv2%2Ftribe_events_cat&post=5599"}],"curies":[{"name":"wp","href":"https:\/\/api.w.org\/{rel}","templated":true}]}}