{"id":5891,"date":"2025-08-30T13:01:25","date_gmt":"2025-08-30T11:01:25","guid":{"rendered":"https:\/\/mering.info\/?post_type=tribe_events&#038;p=5891"},"modified":"2025-10-26T17:45:31","modified_gmt":"2025-10-26T16:45:31","slug":"10-jahre-buendnis-nachhaltiges-mering","status":"publish","type":"tribe_events","link":"https:\/\/mering.info\/?tribe_events=10-jahre-buendnis-nachhaltiges-mering","title":{"rendered":"10 Jahre B\u00fcndnis Nachhaltiges Mering"},"content":{"rendered":"<p>Wir feiern 10 Jahre B\u00fcndnis Nachhaltiges Mering &#x1f389;<\/p>\n<p>Vor 10 Jahren haben wir uns zusammengeschlossen, um den ersten ZukunftsMarkt zu planen. Der Rest ist Geschichte &#8211; es folgten weitere ZukunftsM\u00e4rkte, aber auch viele andere Formate wie unsere ZukunftsTouren, ZukunftsKinos oder auch ZukunftsVortr\u00e4ge.<\/p>\n<p>Am Samstag, 8. November, und Sonntag, 9. November (im Ludwig-Park Mering), blicken wir zur\u00fcck auf die Highlights der letzten Jahre und feiern mit einem tollen Programm &#8211; darunter Musik, Poetry Slam, Impro-Theater, Ausstellungen und 3D-Film.<\/p>\n<p><span style=\"text-decoration: underline;\"><strong>Samstag, 8. November 25, 13.30 Uhr \u2013 18 Uhr<\/strong><\/span><br \/>\n* Prof. Dr. Ursula M\u00fcnch, Direktorin Politische Akademie Tutzing: \u201eDemokratie und Nachhaltigkeit \u2013 wir haben noch nicht fertig\u201c<br \/>\n* Musikduo \u201eAneta Rathgeber &amp; Jaro\u201c<br \/>\n* Storytelling Manuela Kr\u00e4mer und Petra S\u00fctterlin<br \/>\n* Improtheater Lafalott<br \/>\n* Kaffee &amp; Kuchen mit regional fairem Finderfood-B\u00fcfett<\/p>\n<p>Ihr seid alle herzlich eingeladen!<\/p>\n<p><a href=\"\/wp-content\/uploads\/2025\/10\/2025-11-08-10-Jahre-Buendnis-Nachhaltiges-Mering-Flyer.pdf\" target=\"_blank\" rel=\"noopener\">Hier gibts den Flyer zum Download.<\/a><\/p>\n<p>&nbsp;<\/p>\n<p><img fetchpriority=\"high\" decoding=\"async\" class=\"size-medium wp-image-5953\" src=\"https:\/\/mering.info\/wp-content\/uploads\/2025\/10\/2025-11-08-10-Jahre-Buendnis-Nachhaltiges-Mering-Flyer-02-212x300.jpg\" alt=\"2025-11-08 10 Jahre B\u00fcndnis Nachhaltiges Mering Flyer 02\" width=\"212\" height=\"300\" srcset=\"https:\/\/mering.info\/wp-content\/uploads\/2025\/10\/2025-11-08-10-Jahre-Buendnis-Nachhaltiges-Mering-Flyer-02-212x300.jpg 212w, https:\/\/mering.info\/wp-content\/uploads\/2025\/10\/2025-11-08-10-Jahre-Buendnis-Nachhaltiges-Mering-Flyer-02.jpg 700w\" sizes=\"(max-width: 212px) 100vw, 212px\" \/><\/p>\n","protected":false},"excerpt":{"rendered":"<p>Wir feiern 10 Jahre B\u00fcndnis Nachhaltiges Mering! Am 8. und 9. November blicken wir zur\u00fcck auf die Highlights der letzten Jahre.<\/p>\n","protected":false},"author":12,"featured_media":5952,"template":"","meta":{"jetpack_post_was_ever_published":false,"_tribe_events_status":"","_tribe_events_status_reason":"","footnotes":""},"tags":[],"tribe_events_cat":[83,94],"class_list":["post-5891","tribe_events","type-tribe_events","status-publish","has-post-thumbnail","hentry","tribe_events_cat-ausstellung","tribe_events_cat-information","cat_ausstellung","cat_information"],"yoast_head":"<!-- This site is optimized with the Yoast SEO plugin v27.5 - https:\/\/yoast.com\/product\/yoast-seo-wordpress\/ -->\n<title>10 Jahre B\u00fcndnis Nachhaltiges Mering - Nachhaltiges Mering<\/title>\n<meta name=\"description\" content=\"Wir feiern 10 Jahre B\u00fcndnis Nachhaltiges Mering! Am 8. und 9. November blicken wir zur\u00fcck auf die Highlights der letzten Jahre.\" \/>\n<meta name=\"robots\" content=\"index, follow, max-snippet:-1, max-image-preview:large, max-video-preview:-1\" \/>\n<link rel=\"canonical\" href=\"https:\/\/mering.info\/?tribe_events=10-jahre-buendnis-nachhaltiges-mering\" \/>\n<meta property=\"og:locale\" content=\"de_DE\" \/>\n<meta property=\"og:type\" content=\"article\" \/>\n<meta property=\"og:title\" content=\"10 Jahre B\u00fcndnis Nachhaltiges Mering - Nachhaltiges Mering\" \/>\n<meta property=\"og:description\" content=\"Wir feiern 10 Jahre B\u00fcndnis Nachhaltiges Mering! Am 8. und 9. November blicken wir zur\u00fcck auf die Highlights der letzten Jahre.\" \/>\n<meta property=\"og:url\" content=\"https:\/\/mering.info\/?tribe_events=10-jahre-buendnis-nachhaltiges-mering\" \/>\n<meta property=\"og:site_name\" content=\"Nachhaltiges Mering\" \/>\n<meta property=\"article:modified_time\" content=\"2025-10-26T16:45:31+00:00\" \/>\n<meta property=\"og:image\" content=\"https:\/\/mering.info\/wp-content\/uploads\/2025\/10\/2025-11-08-10-Jahre-Buendnis-Nachhaltiges-Mering-Flyer-01.jpg\" \/>\n\t<meta property=\"og:image:width\" content=\"700\" \/>\n\t<meta property=\"og:image:height\" content=\"989\" \/>\n\t<meta property=\"og:image:type\" content=\"image\/jpeg\" \/>\n<meta name=\"twitter:card\" content=\"summary_large_image\" \/>\n<meta name=\"twitter:label1\" content=\"Gesch\u00e4tzte Lesezeit\" \/>\n\t<meta name=\"twitter:data1\" content=\"2\u00a0Minuten\" \/>\n<script type=\"application\/ld+json\" class=\"yoast-schema-graph\">{\"@context\":\"https:\\\/\\\/schema.org\",\"@graph\":[{\"@type\":\"WebPage\",\"@id\":\"https:\\\/\\\/mering.info\\\/?tribe_events=10-jahre-buendnis-nachhaltiges-mering\",\"url\":\"https:\\\/\\\/mering.info\\\/?tribe_events=10-jahre-buendnis-nachhaltiges-mering\",\"name\":\"10 Jahre B\u00fcndnis Nachhaltiges Mering - Nachhaltiges Mering\",\"isPartOf\":{\"@id\":\"https:\\\/\\\/mering.info\\\/#website\"},\"primaryImageOfPage\":{\"@id\":\"https:\\\/\\\/mering.info\\\/?tribe_events=10-jahre-buendnis-nachhaltiges-mering#primaryimage\"},\"image\":{\"@id\":\"https:\\\/\\\/mering.info\\\/?tribe_events=10-jahre-buendnis-nachhaltiges-mering#primaryimage\"},\"thumbnailUrl\":\"https:\\\/\\\/mering.info\\\/wp-content\\\/uploads\\\/2025\\\/10\\\/2025-11-08-10-Jahre-Buendnis-Nachhaltiges-Mering-Flyer-01.jpg\",\"datePublished\":\"2025-08-30T11:01:25+00:00\",\"dateModified\":\"2025-10-26T16:45:31+00:00\",\"description\":\"Wir feiern 10 Jahre B\u00fcndnis Nachhaltiges Mering! Am 8. und 9. November blicken wir zur\u00fcck auf die Highlights der letzten Jahre.\",\"breadcrumb\":{\"@id\":\"https:\\\/\\\/mering.info\\\/?tribe_events=10-jahre-buendnis-nachhaltiges-mering#breadcrumb\"},\"inLanguage\":\"de\",\"potentialAction\":[{\"@type\":\"ReadAction\",\"target\":[\"https:\\\/\\\/mering.info\\\/?tribe_events=10-jahre-buendnis-nachhaltiges-mering\"]}]},{\"@type\":\"ImageObject\",\"inLanguage\":\"de\",\"@id\":\"https:\\\/\\\/mering.info\\\/?tribe_events=10-jahre-buendnis-nachhaltiges-mering#primaryimage\",\"url\":\"https:\\\/\\\/mering.info\\\/wp-content\\\/uploads\\\/2025\\\/10\\\/2025-11-08-10-Jahre-Buendnis-Nachhaltiges-Mering-Flyer-01.jpg\",\"contentUrl\":\"https:\\\/\\\/mering.info\\\/wp-content\\\/uploads\\\/2025\\\/10\\\/2025-11-08-10-Jahre-Buendnis-Nachhaltiges-Mering-Flyer-01.jpg\",\"width\":700,\"height\":989,\"caption\":\"2025-11-08 10 Jahre B\u00fcndnis Nachhaltiges Mering Flyer 01\"},{\"@type\":\"BreadcrumbList\",\"@id\":\"https:\\\/\\\/mering.info\\\/?tribe_events=10-jahre-buendnis-nachhaltiges-mering#breadcrumb\",\"itemListElement\":[{\"@type\":\"ListItem\",\"position\":1,\"name\":\"Startseite\",\"item\":\"https:\\\/\\\/mering.info\\\/\"},{\"@type\":\"ListItem\",\"position\":2,\"name\":\"Veranstaltungen\",\"item\":\"https:\\\/\\\/mering.info\\\/?post_type=tribe_events\"},{\"@type\":\"ListItem\",\"position\":3,\"name\":\"10 Jahre B\u00fcndnis Nachhaltiges Mering\"}]},{\"@type\":\"WebSite\",\"@id\":\"https:\\\/\\\/mering.info\\\/#website\",\"url\":\"https:\\\/\\\/mering.info\\\/\",\"name\":\"Nachhaltiges Mering\",\"description\":\"Zukunftsf\u00e4higes Mering\",\"potentialAction\":[{\"@type\":\"SearchAction\",\"target\":{\"@type\":\"EntryPoint\",\"urlTemplate\":\"https:\\\/\\\/mering.info\\\/?s={search_term_string}\"},\"query-input\":{\"@type\":\"PropertyValueSpecification\",\"valueRequired\":true,\"valueName\":\"search_term_string\"}}],\"inLanguage\":\"de\"}]}<\/script>\n<!-- \/ Yoast SEO plugin. -->","yoast_head_json":{"title":"10 Jahre B\u00fcndnis Nachhaltiges Mering - Nachhaltiges Mering","description":"Wir feiern 10 Jahre B\u00fcndnis Nachhaltiges Mering! Am 8. und 9. November blicken wir zur\u00fcck auf die Highlights der letzten Jahre.","robots":{"index":"index","follow":"follow","max-snippet":"max-snippet:-1","max-image-preview":"max-image-preview:large","max-video-preview":"max-video-preview:-1"},"canonical":"https:\/\/mering.info\/?tribe_events=10-jahre-buendnis-nachhaltiges-mering","og_locale":"de_DE","og_type":"article","og_title":"10 Jahre B\u00fcndnis Nachhaltiges Mering - Nachhaltiges Mering","og_description":"Wir feiern 10 Jahre B\u00fcndnis Nachhaltiges Mering! Am 8. und 9. November blicken wir zur\u00fcck auf die Highlights der letzten Jahre.","og_url":"https:\/\/mering.info\/?tribe_events=10-jahre-buendnis-nachhaltiges-mering","og_site_name":"Nachhaltiges Mering","article_modified_time":"2025-10-26T16:45:31+00:00","og_image":[{"width":700,"height":989,"url":"https:\/\/mering.info\/wp-content\/uploads\/2025\/10\/2025-11-08-10-Jahre-Buendnis-Nachhaltiges-Mering-Flyer-01.jpg","type":"image\/jpeg"}],"twitter_card":"summary_large_image","twitter_misc":{"Gesch\u00e4tzte Lesezeit":"2\u00a0Minuten"},"schema":{"@context":"https:\/\/schema.org","@graph":[{"@type":"WebPage","@id":"https:\/\/mering.info\/?tribe_events=10-jahre-buendnis-nachhaltiges-mering","url":"https:\/\/mering.info\/?tribe_events=10-jahre-buendnis-nachhaltiges-mering","name":"10 Jahre B\u00fcndnis Nachhaltiges Mering - Nachhaltiges Mering","isPartOf":{"@id":"https:\/\/mering.info\/#website"},"primaryImageOfPage":{"@id":"https:\/\/mering.info\/?tribe_events=10-jahre-buendnis-nachhaltiges-mering#primaryimage"},"image":{"@id":"https:\/\/mering.info\/?tribe_events=10-jahre-buendnis-nachhaltiges-mering#primaryimage"},"thumbnailUrl":"https:\/\/mering.info\/wp-content\/uploads\/2025\/10\/2025-11-08-10-Jahre-Buendnis-Nachhaltiges-Mering-Flyer-01.jpg","datePublished":"2025-08-30T11:01:25+00:00","dateModified":"2025-10-26T16:45:31+00:00","description":"Wir feiern 10 Jahre B\u00fcndnis Nachhaltiges Mering! Am 8. und 9. November blicken wir zur\u00fcck auf die Highlights der letzten Jahre.","breadcrumb":{"@id":"https:\/\/mering.info\/?tribe_events=10-jahre-buendnis-nachhaltiges-mering#breadcrumb"},"inLanguage":"de","potentialAction":[{"@type":"ReadAction","target":["https:\/\/mering.info\/?tribe_events=10-jahre-buendnis-nachhaltiges-mering"]}]},{"@type":"ImageObject","inLanguage":"de","@id":"https:\/\/mering.info\/?tribe_events=10-jahre-buendnis-nachhaltiges-mering#primaryimage","url":"https:\/\/mering.info\/wp-content\/uploads\/2025\/10\/2025-11-08-10-Jahre-Buendnis-Nachhaltiges-Mering-Flyer-01.jpg","contentUrl":"https:\/\/mering.info\/wp-content\/uploads\/2025\/10\/2025-11-08-10-Jahre-Buendnis-Nachhaltiges-Mering-Flyer-01.jpg","width":700,"height":989,"caption":"2025-11-08 10 Jahre B\u00fcndnis Nachhaltiges Mering Flyer 01"},{"@type":"BreadcrumbList","@id":"https:\/\/mering.info\/?tribe_events=10-jahre-buendnis-nachhaltiges-mering#breadcrumb","itemListElement":[{"@type":"ListItem","position":1,"name":"Startseite","item":"https:\/\/mering.info\/"},{"@type":"ListItem","position":2,"name":"Veranstaltungen","item":"https:\/\/mering.info\/?post_type=tribe_events"},{"@type":"ListItem","position":3,"name":"10 Jahre B\u00fcndnis Nachhaltiges Mering"}]},{"@type":"WebSite","@id":"https:\/\/mering.info\/#website","url":"https:\/\/mering.info\/","name":"Nachhaltiges Mering","description":"Zukunftsf\u00e4higes Mering","potentialAction":[{"@type":"SearchAction","target":{"@type":"EntryPoint","urlTemplate":"https:\/\/mering.info\/?s={search_term_string}"},"query-input":{"@type":"PropertyValueSpecification","valueRequired":true,"valueName":"search_term_string"}}],"inLanguage":"de"}]}},"jetpack_sharing_enabled":true,"_links":{"self":[{"href":"https:\/\/mering.info\/index.php?rest_route=\/wp\/v2\/tribe_events\/5891","targetHints":{"allow":["GET"]}}],"collection":[{"href":"https:\/\/mering.info\/index.php?rest_route=\/wp\/v2\/tribe_events"}],"about":[{"href":"https:\/\/mering.info\/index.php?rest_route=\/wp\/v2\/types\/tribe_events"}],"author":[{"embeddable":true,"href":"https:\/\/mering.info\/index.php?rest_route=\/wp\/v2\/users\/12"}],"version-history":[{"count":7,"href":"https:\/\/mering.info\/index.php?rest_route=\/wp\/v2\/tribe_events\/5891\/revisions"}],"predecessor-version":[{"id":5955,"href":"https:\/\/mering.info\/index.php?rest_route=\/wp\/v2\/tribe_events\/5891\/revisions\/5955"}],"wp:featuredmedia":[{"embeddable":true,"href":"https:\/\/mering.info\/index.php?rest_route=\/wp\/v2\/media\/5952"}],"wp:attachment":[{"href":"https:\/\/mering.info\/index.php?rest_route=%2Fwp%2Fv2%2Fmedia&parent=5891"}],"wp:term":[{"taxonomy":"post_tag","embeddable":true,"href":"https:\/\/mering.info\/index.php?rest_route=%2Fwp%2Fv2%2Ftags&post=5891"},{"taxonomy":"tribe_events_cat","embeddable":true,"href":"https:\/\/mering.info\/index.php?rest_route=%2Fwp%2Fv2%2Ftribe_events_cat&post=5891"}],"curies":[{"name":"wp","href":"https:\/\/api.w.org\/{rel}","templated":true}]}}